{"id":13194,"date":"2026-09-01T12:59:16","date_gmt":"2026-09-01T10:59:16","guid":{"rendered":"https:\/\/www.belmontevacanze.com\/la-magia-dellautunno-allagriturismo-bio-belmonte-vacanze-in-toscana\/"},"modified":"2026-09-01T13:55:05","modified_gmt":"2026-09-01T11:55:05","slug":"la-magia-dellautunno-allagriturismo-bio-belmonte-vacanze-in-toscana","status":"publish","type":"page","link":"https:\/\/www.belmontevacanze.com\/da\/la-magia-dellautunno-allagriturismo-bio-belmonte-vacanze-in-toscana\/","title":{"rendered":"Din toscanske ferie i september og oktober"},"content":{"rendered":"<section  class='av_textblock_section av-mth3saev-8dc8e67be12932e0a15c06b237d28732 '   itemscope=\"itemscope\" itemtype=\"https:\/\/schema.org\/CreativeWork\" ><div class='avia_textblock'  itemprop=\"text\" ><h1><img loading=\"lazy\" decoding=\"async\" class=\"wp-image-10821 size-full aligncenter\" src=\"https:\/\/www.belmontevacanze.com\/wp-content\/uploads\/2023\/06\/autunno.toscana.montaione.jpg\" alt=\"\" width=\"800\" height=\"443\" srcset=\"https:\/\/www.belmontevacanze.com\/wp-content\/uploads\/2023\/06\/autunno.toscana.montaione.jpg 800w, https:\/\/www.belmontevacanze.com\/wp-content\/uploads\/2023\/06\/autunno.toscana.montaione-300x166.jpg 300w, https:\/\/www.belmontevacanze.com\/wp-content\/uploads\/2023\/06\/autunno.toscana.montaione-768x425.jpg 768w, https:\/\/www.belmontevacanze.com\/wp-content\/uploads\/2023\/06\/autunno.toscana.montaione-705x390.jpg 705w\" sizes=\"auto, (max-width: 800px) 100vw, 800px\" \/><\/h1>\n<h2 style=\"text-align: center;\"><b>Nyd Toscanas efter\u00e5rsmagi i september og oktober<\/b><\/h2>\n<p style=\"text-align: center;\"><span style=\"font-weight: 400;\">Oplev noget helt s\u00e6rligt og tilbring din ferie i september eller oktober p\u00e5 et bondeg\u00e5rd i den toscanske natur.<\/span><\/p>\n<p style=\"text-align: center;\"><span style=\"font-weight: 400;\">Efter 20 \u00e5rs erfaring i hjertet af Toscana kan vi forsikre dig om, at atmosf\u00e6ren i m\u00e5nederne september eller oktober simpelthen er magisk &#8211; og derfor det bedste tidspunkt at holde ferie p\u00e5 en agriturismo i Toscana.<\/span><\/p>\n<p style=\"text-align: center;\"><img loading=\"lazy\" decoding=\"async\" class=\"size-large wp-image-12571 aligncenter\" src=\"https:\/\/www.belmontevacanze.com\/wp-content\/uploads\/2026\/03\/foto.tinozza.spenta-1-1030x579.jpeg\" alt=\"hot tub on our panoramic terrace over tuscan hills\" width=\"1030\" height=\"579\" srcset=\"https:\/\/www.belmontevacanze.com\/wp-content\/uploads\/2026\/03\/foto.tinozza.spenta-1-1030x579.jpeg 1030w, https:\/\/www.belmontevacanze.com\/wp-content\/uploads\/2026\/03\/foto.tinozza.spenta-1-300x169.jpeg 300w, https:\/\/www.belmontevacanze.com\/wp-content\/uploads\/2026\/03\/foto.tinozza.spenta-1-768x432.jpeg 768w, https:\/\/www.belmontevacanze.com\/wp-content\/uploads\/2026\/03\/foto.tinozza.spenta-1-705x397.jpeg 705w, https:\/\/www.belmontevacanze.com\/wp-content\/uploads\/2026\/03\/foto.tinozza.spenta-1.jpeg 1280w\" sizes=\"auto, (max-width: 1030px) 100vw, 1030px\" \/><\/p>\n<h3 style=\"text-align: center;\"><\/h3>\n<h2 style=\"text-align: center;\"><b>Vores nye spabad<\/b><\/h2>\n<p style=\"text-align: center;\"><span style=\"font-weight: 400;\">Forestil dig at blive omsluttet af dampen fra et autentisk <\/span><a href=\"https:\/\/www.belmontevacanze.com\/da\/agriturismo-in-toscana-con-tinozza-finlandese-e-jacuzzi-riscaldata-il-calore-della-legna-tra-gli-ulivi\/\"><span style=\"font-weight: 400;\">finsk spabad<\/span><\/a><span style=\"font-weight: 400;\">, med vand fra vores naturlige kilde opvarmet til <strong>perfekte 38\u00b0C<\/strong> (100\u00b0F) af en knitrende br\u00e6ndeovn, mens Toscanas stille sk\u00f8nhed udfolder sig for dine \u00f8jne. Tilg\u00e6ngelig om dagen, ved solnedgang eller om natten.<\/span><\/p>\n<h3 style=\"text-align: center;\"><img loading=\"lazy\" decoding=\"async\" class=\"alignnone wp-image-8861 size-full\" src=\"https:\/\/www.belmontevacanze.com\/wp-content\/uploads\/2023\/01\/gallery-piscina-6.jpg\" alt=\"\" width=\"1000\" height=\"484\" \/><\/h3>\n<h2 style=\"text-align: center;\"><b>Vores pool er stadig \u00e5ben<\/b><\/h2>\n<p style=\"text-align: center;\"><span style=\"font-weight: 400;\">Takket v\u00e6re det milde klima om efter\u00e5ret er vores pool \u00e5ben indtil den 15. November. Under din weekendtur eller efter\u00e5rsferie kan du v\u00e6re sikker p\u00e5, at vores panoramapool stadig er \u00e5ben og vedligeholdes. Nyd udsigten over de smukke toscanske bakker, mens du sv\u00f8mmer, og tilbring den mest vidunderlige tid p\u00e5 \u00e5ret p\u00e5 en ferie i Toscana.<\/span><\/p>\n<h3 style=\"text-align: center;\"><img loading=\"lazy\" decoding=\"async\" class=\"alignnone wp-image-9986 size-full\" src=\"https:\/\/www.belmontevacanze.com\/wp-content\/uploads\/2018\/01\/DSC01016.jpg\" alt=\"\" width=\"600\" height=\"400\" srcset=\"https:\/\/www.belmontevacanze.com\/wp-content\/uploads\/2018\/01\/DSC01016.jpg 600w, https:\/\/www.belmontevacanze.com\/wp-content\/uploads\/2018\/01\/DSC01016-300x200.jpg 300w, https:\/\/www.belmontevacanze.com\/wp-content\/uploads\/2018\/01\/DSC01016-450x300.jpg 450w\" sizes=\"auto, (max-width: 600px) 100vw, 600px\" \/><\/h3>\n<h2 style=\"text-align: center;\"><b>Efter\u00e5r i Toscana: den bedste tid p\u00e5 \u00e5ret til sportsaktiviteter<\/b><\/h2>\n<p style=\"text-align: center;\"><span style=\"font-weight: 400;\">Sport spiller en stor rolle p\u00e5 vores g\u00e5rd, fordi vi har en 200 hektar stor naturpark, der inviterer til alle former for motion.<\/span><\/p>\n<p style=\"text-align: center;\"><span style=\"font-weight: 400;\">Selvom vores g\u00e5rd er omgivet af bakker, og klimaet er k\u00f8ligere end i dalen, er den bedste s\u00e6son for sportsaktiviteter, selv om sommeren, stadig efter\u00e5ret, dvs. m\u00e5nederne september og oktober.<\/span><\/p>\n<p style=\"text-align: center;\"><span style=\"font-weight: 400;\">I l\u00f8bet af din efter\u00e5rsferie kan du udforske landskabet p\u00e5 en ridetur med vores rideskoles kyndige guider eller tage p\u00e5 et mountainbike-eventyr med en guidet tur p\u00e5 vores stiomr\u00e5de i Montaione-omr\u00e5det. Du kan blot leje en af \u200b\u200bvores Scott elektriske mountainbikes.<\/span><\/p>\n<h3 style=\"text-align: center;\"><img loading=\"lazy\" decoding=\"async\" class=\"alignnone wp-image-10422 size-large\" src=\"https:\/\/www.belmontevacanze.com\/wp-content\/uploads\/2023\/04\/cena.vista_.ristorante.belmonte-1030x773.jpg\" alt=\"\" width=\"1030\" height=\"773\" srcset=\"https:\/\/www.belmontevacanze.com\/wp-content\/uploads\/2023\/04\/cena.vista_.ristorante.belmonte-1030x773.jpg 1030w, https:\/\/www.belmontevacanze.com\/wp-content\/uploads\/2023\/04\/cena.vista_.ristorante.belmonte-300x225.jpg 300w, https:\/\/www.belmontevacanze.com\/wp-content\/uploads\/2023\/04\/cena.vista_.ristorante.belmonte-768x576.jpg 768w, https:\/\/www.belmontevacanze.com\/wp-content\/uploads\/2023\/04\/cena.vista_.ristorante.belmonte-1536x1152.jpg 1536w, https:\/\/www.belmontevacanze.com\/wp-content\/uploads\/2023\/04\/cena.vista_.ristorante.belmonte-1500x1125.jpg 1500w, https:\/\/www.belmontevacanze.com\/wp-content\/uploads\/2023\/04\/cena.vista_.ristorante.belmonte-705x529.jpg 705w, https:\/\/www.belmontevacanze.com\/wp-content\/uploads\/2023\/04\/cena.vista_.ristorante.belmonte.jpg 1600w\" sizes=\"auto, (max-width: 1030px) 100vw, 1030px\" \/><\/h3>\n<h2 style=\"text-align: center;\"><b>Toscanas kulinariske efter\u00e5rsfryd<\/b><\/h2>\n<p style=\"text-align: center;\"><span style=\"font-weight: 400;\">Hver s\u00e6son i Toscana byder p\u00e5 l\u00e6kre, s\u00e6sonbestemte retter lavet af lokale ingredienser.<\/span><\/p>\n<p style=\"text-align: center;\"><span style=\"font-weight: 400;\">Under en efter\u00e5rsferie p\u00e5 vores agriturismo vil du opdage efter\u00e5rets delikatesser ved bordet. Hver s\u00e6son \u00e6ndrer vi vores menu og tilpasser den til s\u00e6sonens produkter fra vores region.<\/span><\/p>\n<p style=\"text-align: center;\"><span style=\"font-weight: 400;\">Gabriella, vores kok, vil tilberede l\u00e6kker tagliolino-pasta med tr\u00f8fler fra vores skove, eller du kan pr\u00f8ve vores vildsvinegryderet med friskpresset olivenolie eller en pasta alla boscaiola med s\u00e6sonens svampe.<\/span><\/p>\n<p style=\"text-align: center;\"><span style=\"font-weight: 400;\">Frem for alt kan du p\u00e5 vores agriturismo smage de vine, der produceres i vores region under h\u00f8sten i september og oktober.<\/span><\/p>\n<p style=\"text-align: center;\"><span style=\"font-weight: 400;\">Hvis du gerne vil smage de bedste vine i omr\u00e5det, kan vi arrangere en s\u00e6rlig vinsmagning for dig p\u00e5 en af \u200b\u200bvores partnerving\u00e5rde.<\/span><\/p>\n<h3 style=\"text-align: center;\"><img loading=\"lazy\" decoding=\"async\" class=\"alignnone wp-image-10834 size-full\" src=\"https:\/\/www.belmontevacanze.com\/wp-content\/uploads\/2023\/06\/san.gimignano.autunno.jpg\" alt=\"\" width=\"800\" height=\"490\" srcset=\"https:\/\/www.belmontevacanze.com\/wp-content\/uploads\/2023\/06\/san.gimignano.autunno.jpg 800w, https:\/\/www.belmontevacanze.com\/wp-content\/uploads\/2023\/06\/san.gimignano.autunno-300x184.jpg 300w, https:\/\/www.belmontevacanze.com\/wp-content\/uploads\/2023\/06\/san.gimignano.autunno-768x470.jpg 768w, https:\/\/www.belmontevacanze.com\/wp-content\/uploads\/2023\/06\/san.gimignano.autunno-705x432.jpg 705w\" sizes=\"auto, (max-width: 800px) 100vw, 800px\" \/><\/h3>\n<h2 style=\"text-align: center;\"><b>Oplev Toscana i efter\u00e5ret<\/b><\/h2>\n<p style=\"text-align: center;\"><span style=\"font-weight: 400;\">Varmen har nu lagt sig, og et bes\u00f8g i de n\u00e6rliggende byer er en behagelig forandring.<\/span><\/p>\n<p style=\"text-align: center;\"><span style=\"font-weight: 400;\">San Gimignano, Volterra, Siena, Firenze og Lucca er mindre overfyldte med turister, og en g\u00e5tur gennem gaderne i disse historiske middelalderbyer om efter\u00e5ret er en magisk oplevelse.<\/span><\/p>\n<p style=\"text-align: center;\"><span style=\"font-weight: 400;\">I efter\u00e5rsweekender, n\u00e5r du bes\u00f8ger de omkringliggende byer og ogs\u00e5 de mindre kendte steder i Toscana, kan du opleve landsbyfestivaler, hvor du kan smage lokale produkter. Du kan tilbringe en dag ved tr\u00f8ffelfestivalen i San Miniato (sagra del tartufo di San Miniato) eller Montaione eller bes\u00f8ge festivalen for typiske produkter i Volterra (sagra dei prodotti tipici di Volterra).<\/span><\/p>\n<h3 style=\"text-align: center;\"><img loading=\"lazy\" decoding=\"async\" class=\"alignnone wp-image-9603 size-full\" src=\"https:\/\/www.belmontevacanze.com\/wp-content\/uploads\/2023\/01\/pagina-olio-8-4.jpg\" alt=\"\" width=\"1000\" height=\"664\" srcset=\"https:\/\/www.belmontevacanze.com\/wp-content\/uploads\/2023\/01\/pagina-olio-8-4.jpg 1000w, https:\/\/www.belmontevacanze.com\/wp-content\/uploads\/2023\/01\/pagina-olio-8-4-300x199.jpg 300w, https:\/\/www.belmontevacanze.com\/wp-content\/uploads\/2023\/01\/pagina-olio-8-4-768x510.jpg 768w, https:\/\/www.belmontevacanze.com\/wp-content\/uploads\/2023\/01\/pagina-olio-8-4-705x468.jpg 705w\" sizes=\"auto, (max-width: 1000px) 100vw, 1000px\" \/><\/h3>\n<h2 style=\"text-align: center;\"><b>Vi h\u00f8ster vores oliven og laver ny olie<\/b><\/h2>\n<p style=\"text-align: center;\"><span style=\"font-weight: 400;\">I oktober kan du opleve h\u00f8sten af \u200b\u200bvores \u00f8kologiske oliventr\u00e6er &#8211; olivenh\u00f8sten er en unik oplevelse. Du kan ogs\u00e5 bes\u00f8ge vores n\u00e6rliggende oliem\u00f8lle, hvor vi presser oliven, og smage vores nye olie i vores restaurant med vores specialiteter.<\/span><\/p>\n<h2 style=\"text-align: center;\"><b>V\u00e6lg din dr\u00f8mmeferielejlighed<\/b><\/h2>\n<p style=\"text-align: center;\"><span style=\"font-weight: 400;\">M\u00e5nederne oktober og september er lavs\u00e6son, og vi kan hj\u00e6lpe dig med at v\u00e6lge din dr\u00f8mmeferielejlighed. Du har et st\u00f8rre udvalg af lejligheder og kan drage fordel af de s\u00e6rlige tilbud for september og oktober.<\/span><\/p>\n<p style=\"text-align: center;\"><span style=\"font-weight: 400;\">Klimaet er mildt og varmt om efter\u00e5ret, og selvom temperaturerne falder lidt, er det ikke noget problem: Med vores nye klimaanl\u00e6g med varmepumpe kan varmen t\u00e6ndes p\u00e5 f\u00e5 minutter.<\/span><\/p>\n<p style=\"text-align: center;\"><span style=\"font-weight: 400;\">I lavs\u00e6sonen er priserne lavere, og vi har nogle meget fristende tilbud til dig, uanset om du vil booke et l\u00e6ngere ophold eller en kort weekend. V\u00e6lg dine feriedatoer via vores <\/span><a href=\"https:\/\/www.simplebooking.it\/ibe2\/hotel\/2966\/?hid=2966&amp;lang=EN&amp;cur=EUR&amp;_gl=1*1fjvrbn*_ga*MTUyODY4NTA5LjE3Mjk3Njc0OTI.*_ga_5232QF0BPF*czE3ODgyNTk5OTAkbzEwMiRnMSR0MTc4ODI2MTExNCRqNTkkbDAkaDA.&amp;_ga=2.261049293.1186069824.1788166569-152868509.1729767492\"><span style=\"font-weight: 400;\">ONLINE-BOOKINGSSYSTEM<\/span><\/a><span style=\"font-weight: 400;\"> og opdag vores tilbud.<\/span><\/p>\n<p style=\"text-align: center;\"><span style=\"font-weight: 400;\">Derudover er alle vores tjenester s\u00e5som ridestald og restaurant ogs\u00e5 tilg\u00e6ngelige for dig i september og oktober. <\/span><a href=\"https:\/\/nonnabianca.net\/da\/\"><span style=\"font-weight: 400;\">Restaurant Nonna Bianca<\/span><\/a><span style=\"font-weight: 400;\"> &#8211; altid \u00e5ben til morgenmad og aftensmad.<\/span><\/p>\n<\/div><\/section>\n","protected":false},"excerpt":{"rendered":"","protected":false},"author":2,"featured_media":0,"parent":0,"menu_order":0,"comment_status":"closed","ping_status":"closed","template":"","meta":{"footnotes":""},"class_list":["post-13194","page","type-page","status-publish","hentry"],"_links":{"self":[{"href":"https:\/\/www.belmontevacanze.com\/da\/wp-json\/wp\/v2\/pages\/13194","targetHints":{"allow":["GET"]}}],"collection":[{"href":"https:\/\/www.belmontevacanze.com\/da\/wp-json\/wp\/v2\/pages"}],"about":[{"href":"https:\/\/www.belmontevacanze.com\/da\/wp-json\/wp\/v2\/types\/page"}],"author":[{"embeddable":true,"href":"https:\/\/www.belmontevacanze.com\/da\/wp-json\/wp\/v2\/users\/2"}],"replies":[{"embeddable":true,"href":"https:\/\/www.belmontevacanze.com\/da\/wp-json\/wp\/v2\/comments?post=13194"}],"version-history":[{"count":7,"href":"https:\/\/www.belmontevacanze.com\/da\/wp-json\/wp\/v2\/pages\/13194\/revisions"}],"predecessor-version":[{"id":13251,"href":"https:\/\/www.belmontevacanze.com\/da\/wp-json\/wp\/v2\/pages\/13194\/revisions\/13251"}],"wp:attachment":[{"href":"https:\/\/www.belmontevacanze.com\/da\/wp-json\/wp\/v2\/media?parent=13194"}],"curies":[{"name":"wp","href":"https:\/\/api.w.org\/{rel}","templated":true}]}}