{"id":4563,"date":"2019-12-18T12:45:05","date_gmt":"2019-12-18T11:45:05","guid":{"rendered":"https:\/\/www.belmontevacanze.com\/tour-guidati-amot\/"},"modified":"2020-04-03T10:58:04","modified_gmt":"2020-04-03T08:58:04","slug":"fuhrungen-amot","status":"publish","type":"page","link":"https:\/\/www.belmontevacanze.com\/de\/fuhrungen-amot\/","title":{"rendered":"F\u00fchrungen mit AMOT"},"content":{"rendered":"<div id='av_section_1'  class='avia-section av-av_section-e20ec1361547d950b6e2569930d6aa41 main_color avia-section-default avia-no-shadow  avia-builder-el-0  el_before_av_textblock  avia-builder-el-first  avia-bg-style-scroll container_wrap fullsize'  ><div class='container av-section-cont-open' ><main  role=\"main\" itemprop=\"mainContentOfPage\"  class='template-page content  av-content-full alpha units'><div class='post-entry post-entry-type-page post-entry-4563'><div class='entry-content-wrapper clearfix'>\n<div  class='avia-video av-av_video-cf1f0f1ece6011ffa127e68faf97d8fb avia-video-16-9 av-no-preview-image avia-video-load-always av-lazyload-immediate av-lazyload-video-embed'  itemprop=\"video\" itemtype=\"https:\/\/schema.org\/VideoObject\"  data-original_url='https:\/\/youtu.be\/gQgqRhyjIYQ'><script type='text\/html' class='av-video-tmpl'><div class='avia-iframe-wrap'><iframe loading=\"lazy\" title=\"Live your holiday in Montaione like a local. What to do on during your holiday in Montaione.\" width=\"1500\" height=\"844\" src=\"https:\/\/www.youtube.com\/embed\/gQgqRhyjIYQ?feature=oembed&autoplay=0&loop=0&controls=1&mute=0\" frameborder=\"0\" allow=\"accelerometer; autoplay; encrypted-media; gyroscope; picture-in-picture\" allowfullscreen><\/iframe><\/div><\/script><div class='av-click-to-play-overlay'><div class=\"avia_playpause_icon\"><\/div><\/div><\/div>\n<\/div><\/div><\/main><!-- close content main element --><\/div><\/div><div id='after_section_1'  class='main_color av_default_container_wrap container_wrap fullsize'  ><div class='container av-section-cont-open' ><div class='template-page content  av-content-full alpha units'><div class='post-entry post-entry-type-page post-entry-4563'><div class='entry-content-wrapper clearfix'>\n<section  class='av_textblock_section av-av_textblock-2de302bf1aa3cf4c9157dbe6f50ac7eb '   itemscope=\"itemscope\" itemtype=\"https:\/\/schema.org\/CreativeWork\" ><div class='avia_textblock'  itemprop=\"text\" ><h1 style=\"text-align: center;\">Entdecken Sie die Toskana mit A.M.O.T.<\/h1>\n<h3>Was ist Amot?<\/h3>\n<p>Amot ist der <strong>offizielle Verein<\/strong> der Touristikunternehmer in Montaione. Es ist eine <strong>Gruppe Einheimischer<\/strong> die in der Umgebung leben, diese lieben und unglaublich gerne ihre <strong>Erfahrungen und Kenntnisse mit Ihnen Teilen<\/strong> m\u00f6chten.<br \/>\nAls stolze Mitglieder des Amot-Vereins, m\u00f6chten wir Ihnen gerne eine Auswahl der <strong>w\u00f6chentlichen Aktivit\u00e4ten<\/strong> vorschlagen, damit Sie unsere Region unter einem neuen Licht betrachten k\u00f6nnen.<br \/>\nFreuen Sie Sich mit uns \u00fcber ein rein <strong>toskanisches Erlebnis<\/strong>!<\/p>\n<\/div><\/section>\n<\/div><\/div><\/div><!-- close content main div --><\/div><\/div><div id='av_section_2'  class='avia-section av-av_section-4ab2c50611e8bc0ab9af19846c400691 main_color avia-section-default avia-no-shadow  avia-builder-el-3  el_after_av_textblock  el_before_av_section  avia-bg-style-scroll container_wrap fullsize'  ><div class='container av-section-cont-open' ><div class='template-page content  av-content-full alpha units'><div class='post-entry post-entry-type-page post-entry-4563'><div class='entry-content-wrapper clearfix'>\n\n<style type=\"text\/css\" data-created_by=\"avia_inline_auto\" id=\"style-css-av-av_one_third-15d750bd1b332b34c6e70b077ebbccdf\">\n.flex_column.av-av_one_third-15d750bd1b332b34c6e70b077ebbccdf{\nborder-radius:0px 0px 0px 0px;\npadding:0px 0px 0px 0px;\n}\n<\/style>\n<div  class='flex_column av-av_one_third-15d750bd1b332b34c6e70b077ebbccdf av_one_third  avia-builder-el-4  el_before_av_one_third  avia-builder-el-first  first flex_column_div av-zero-column-padding  '     ><p>\n<style type=\"text\/css\" data-created_by=\"avia_inline_auto\" id=\"style-css-av-av_image-8497a60d49621216b44a21437f2b2c85\">\n.avia-image-container.av-av_image-8497a60d49621216b44a21437f2b2c85 img.avia_image{\nbox-shadow:none;\n}\n.avia-image-container.av-av_image-8497a60d49621216b44a21437f2b2c85 .av-image-caption-overlay-center{\ncolor:#ffffff;\n}\n<\/style>\n<div  class='avia-image-container av-av_image-8497a60d49621216b44a21437f2b2c85 av-styling- av-hover-grow avia-align-center  avia-builder-el-5  el_before_av_textblock  avia-builder-el-first '   itemprop=\"image\" itemscope=\"itemscope\" itemtype=\"https:\/\/schema.org\/ImageObject\" ><div class=\"avia-image-container-inner\"><div class=\"avia-image-overlay-wrap\"><img decoding=\"async\" fetchpriority=\"high\" class='wp-image-4223 avia-img-lazy-loading-not-4223 avia_image ' src=\"https:\/\/www.belmontevacanze.com\/wp-content\/uploads\/2019\/12\/ebike-amot-300x225.jpg\" alt='' title='ebike amot'  height=\"225\" width=\"300\"  itemprop=\"thumbnailUrl\" srcset=\"https:\/\/www.belmontevacanze.com\/wp-content\/uploads\/2019\/12\/ebike-amot-300x225.jpg 300w, https:\/\/www.belmontevacanze.com\/wp-content\/uploads\/2019\/12\/ebike-amot-768x576.jpg 768w, https:\/\/www.belmontevacanze.com\/wp-content\/uploads\/2019\/12\/ebike-amot-1030x773.jpg 1030w, https:\/\/www.belmontevacanze.com\/wp-content\/uploads\/2019\/12\/ebike-amot-1500x1125.jpg 1500w, https:\/\/www.belmontevacanze.com\/wp-content\/uploads\/2019\/12\/ebike-amot-705x529.jpg 705w, https:\/\/www.belmontevacanze.com\/wp-content\/uploads\/2019\/12\/ebike-amot-450x338.jpg 450w, https:\/\/www.belmontevacanze.com\/wp-content\/uploads\/2019\/12\/ebike-amot.jpg 1600w\" sizes=\"(max-width: 300px) 100vw, 300px\" \/><\/div><\/div><\/div><br \/>\n<section  class='av_textblock_section av-av_textblock-2de302bf1aa3cf4c9157dbe6f50ac7eb '   itemscope=\"itemscope\" itemtype=\"https:\/\/schema.org\/CreativeWork\" ><div class='avia_textblock'  itemprop=\"text\" ><h3 style=\"text-align: center;\"><strong>ERKUNDEN SIE MONTAIONE<\/strong><br \/>\n<strong>IN E-BIKE<\/strong><\/h3>\n<p style=\"text-align: center;\">Ein <strong>Ausflug von 30 km<\/strong> mit dem E-MTB um die S<strong>ch\u00f6nheiten der Umgebung<\/strong> um Montaione zusammen mit einem experten F\u00fchrer zu entdecken: faszinierende \u201cBadlands\u201d, Schotterstra\u00dfen mit Steigungen und Gef\u00e4llen, ein <strong>antikes Dorf<\/strong> und ein <strong>beeindruckendes Schloss<\/strong>, <strong>mystische Atmosph\u00e4ren<\/strong>\u2026 und noch vieles mehr.<\/p>\n<h5 style=\"text-align: center;\">Geplanter Tag: Donnerstag<br \/>\nBuchungsbest\u00e4tigung bis: Dienstag 17:00 Uhr<br \/>\nPreis: 23 Euro p.P. (Fahrradverleih nicht eingeschlossen)<\/h5>\n<\/div><\/section><br \/>\n<div  class='avia-button-wrap av-av_button-829629c25e2744edc7651665d363742f-wrap avia-button-center  avia-builder-el-7  el_after_av_textblock  avia-builder-el-last '><a href='https:\/\/www.belmontevacanze.com\/de\/erkunden-montaione-in-ebike\/'  class='avia-button av-av_button-829629c25e2744edc7651665d363742f av-link-btn avia-icon_select-yes-left-icon avia-size-small avia-position-center avia-color-theme-color'   aria-label=\"Entdecken Sie das gesamte Programm\"><span class='avia_button_icon avia_button_icon_left' aria-hidden='true' data-av_icon='\ue81f' data-av_iconfont='entypo-fontello'><\/span><span class='avia_iconbox_title' >Entdecken Sie das gesamte Programm<\/span><\/a><\/div><\/p><\/div>\n<style type=\"text\/css\" data-created_by=\"avia_inline_auto\" id=\"style-css-av-av_one_third-c8fc129dc35fd1ae2a1e410224d39ea8\">\n.flex_column.av-av_one_third-c8fc129dc35fd1ae2a1e410224d39ea8{\nborder-radius:0px 0px 0px 0px;\npadding:0px 0px 0px 0px;\n}\n<\/style>\n<div  class='flex_column av-av_one_third-c8fc129dc35fd1ae2a1e410224d39ea8 av_one_third  avia-builder-el-8  el_after_av_one_third  el_before_av_one_third  flex_column_div av-zero-column-padding  '     ><p>\n<style type=\"text\/css\" data-created_by=\"avia_inline_auto\" id=\"style-css-av-av_image-7d976a6469298b4bfa9e50a2af5cbfb9\">\n.avia-image-container.av-av_image-7d976a6469298b4bfa9e50a2af5cbfb9 img.avia_image{\nbox-shadow:none;\n}\n.avia-image-container.av-av_image-7d976a6469298b4bfa9e50a2af5cbfb9 .av-image-caption-overlay-center{\ncolor:#ffffff;\n}\n<\/style>\n<div  class='avia-image-container av-av_image-7d976a6469298b4bfa9e50a2af5cbfb9 av-styling- av-hover-grow avia-align-center  avia-builder-el-9  el_before_av_textblock  avia-builder-el-first '   itemprop=\"image\" itemscope=\"itemscope\" itemtype=\"https:\/\/schema.org\/ImageObject\" ><div class=\"avia-image-container-inner\"><div class=\"avia-image-overlay-wrap\"><img decoding=\"async\" fetchpriority=\"high\" class='wp-image-4224 avia-img-lazy-loading-not-4224 avia_image ' src=\"https:\/\/www.belmontevacanze.com\/wp-content\/uploads\/2019\/12\/hiking-egola-amot-e1576086420895-300x225.png\" alt='' title='hiking egola amot'  height=\"225\" width=\"300\"  itemprop=\"thumbnailUrl\" srcset=\"https:\/\/www.belmontevacanze.com\/wp-content\/uploads\/2019\/12\/hiking-egola-amot-e1576086420895-300x225.png 300w, https:\/\/www.belmontevacanze.com\/wp-content\/uploads\/2019\/12\/hiking-egola-amot-e1576086420895-768x575.png 768w, https:\/\/www.belmontevacanze.com\/wp-content\/uploads\/2019\/12\/hiking-egola-amot-e1576086420895-705x528.png 705w, https:\/\/www.belmontevacanze.com\/wp-content\/uploads\/2019\/12\/hiking-egola-amot-e1576086420895-450x337.png 450w, https:\/\/www.belmontevacanze.com\/wp-content\/uploads\/2019\/12\/hiking-egola-amot-e1576086420895.png 914w\" sizes=\"(max-width: 300px) 100vw, 300px\" \/><\/div><\/div><\/div><br \/>\n<section  class='av_textblock_section av-av_textblock-2de302bf1aa3cf4c9157dbe6f50ac7eb '   itemscope=\"itemscope\" itemtype=\"https:\/\/schema.org\/CreativeWork\" ><div class='avia_textblock'  itemprop=\"text\" ><h3 style=\"text-align: center;\">AUSFLUG ENTLANG DES FLUSSES EGOLA<\/h3>\n<p style=\"text-align: center;\">In Montaione treffen Sie Daniela, unsere F\u00fchrerin, von dort aus werden Sie zusammen eine <strong>Wanderung von ca. 9 km<\/strong> am Ufer des Flusses Egola entlang unternehmen. Sie werden durch Olivenhaine und am Ufer entlang spazieren, den <strong>Fluss durchqueren<\/strong> und die <strong>Natur ringsum genie\u00dfen<\/strong>. Durch Weinberge und von Eichen ges\u00e4umten Wegen erreichen Sie endlich die <strong>arch\u00e4ologische St\u00e4tte<\/strong> der antiken, <strong>r\u00f6mischen Zisterne<\/strong>. Von hier aus kann man den <strong>sch\u00f6nsten Panoramablick \u00fcber Montaione<\/strong> genie\u00dfen.<\/p>\n<h5 style=\"text-align: center;\">\nGeplanter Tag: Dienstag<br \/>\nBuchungsbest\u00e4tigung bis: Montag 10:00 Uhr<br \/>\nPreis: 13 Euro p.P.<\/h5>\n<\/div><\/section><br \/>\n<div  class='avia-button-wrap av-av_button-4b9fda759baaedcc123d36f0b5b39cdb-wrap avia-button-center  avia-builder-el-11  el_after_av_textblock  avia-builder-el-last '><a href='https:\/\/www.belmontevacanze.com\/de\/ausflug-fluss-egola\/'  class='avia-button av-av_button-4b9fda759baaedcc123d36f0b5b39cdb av-link-btn avia-icon_select-yes-left-icon avia-size-small avia-position-center avia-color-theme-color'   aria-label=\"Entdecken Sie das gesamte Programm\"><span class='avia_button_icon avia_button_icon_left' aria-hidden='true' data-av_icon='\ue81f' data-av_iconfont='entypo-fontello'><\/span><span class='avia_iconbox_title' >Entdecken Sie das gesamte Programm<\/span><\/a><\/div><\/p><\/div>\n<style type=\"text\/css\" data-created_by=\"avia_inline_auto\" id=\"style-css-av-av_one_third-c8fc129dc35fd1ae2a1e410224d39ea8\">\n.flex_column.av-av_one_third-c8fc129dc35fd1ae2a1e410224d39ea8{\nborder-radius:0px 0px 0px 0px;\npadding:0px 0px 0px 0px;\n}\n<\/style>\n<div  class='flex_column av-av_one_third-c8fc129dc35fd1ae2a1e410224d39ea8 av_one_third  avia-builder-el-12  el_after_av_one_third  el_before_av_one_half  flex_column_div av-zero-column-padding  '     ><p>\n<style type=\"text\/css\" data-created_by=\"avia_inline_auto\" id=\"style-css-av-av_image-b28ad81e9cf2b6537dd7e6ba3a7ef919\">\n.avia-image-container.av-av_image-b28ad81e9cf2b6537dd7e6ba3a7ef919 img.avia_image{\nbox-shadow:none;\n}\n.avia-image-container.av-av_image-b28ad81e9cf2b6537dd7e6ba3a7ef919 .av-image-caption-overlay-center{\ncolor:#ffffff;\n}\n<\/style>\n<div  class='avia-image-container av-av_image-b28ad81e9cf2b6537dd7e6ba3a7ef919 av-styling- av-hover-grow avia-align-center  avia-builder-el-13  el_before_av_textblock  avia-builder-el-first '   itemprop=\"image\" itemscope=\"itemscope\" itemtype=\"https:\/\/schema.org\/ImageObject\" ><div class=\"avia-image-container-inner\"><div class=\"avia-image-overlay-wrap\"><img decoding=\"async\" fetchpriority=\"high\" class='wp-image-4225 avia-img-lazy-loading-not-4225 avia_image ' src=\"https:\/\/www.belmontevacanze.com\/wp-content\/uploads\/2019\/12\/Firenze-5-sensi-amot-e1576086575143-300x225.png\" alt='' title='Firenze 5 sensi amot'  height=\"225\" width=\"300\"  itemprop=\"thumbnailUrl\" srcset=\"https:\/\/www.belmontevacanze.com\/wp-content\/uploads\/2019\/12\/Firenze-5-sensi-amot-e1576086575143-300x225.png 300w, https:\/\/www.belmontevacanze.com\/wp-content\/uploads\/2019\/12\/Firenze-5-sensi-amot-e1576086575143-450x338.png 450w, https:\/\/www.belmontevacanze.com\/wp-content\/uploads\/2019\/12\/Firenze-5-sensi-amot-e1576086575143.png 640w\" sizes=\"(max-width: 300px) 100vw, 300px\" \/><\/div><\/div><\/div><br \/>\n<section  class='av_textblock_section av-av_textblock-2de302bf1aa3cf4c9157dbe6f50ac7eb '   itemscope=\"itemscope\" itemtype=\"https:\/\/schema.org\/CreativeWork\" ><div class='avia_textblock'  itemprop=\"text\" ><h3 style=\"text-align: center;\">FLORENZ UND DIE 5 SINNE<\/h3>\n<p style=\"text-align: center;\">Erreichen Sie Florenz mit der Bahn ab Castelfiorentino und treffen Sie dort Ihren F\u00fchrer. Er wird Sie bei einem Spaziergang begleiten der die gesamten 5 Sinne betrifft: <strong>D\u00fcfte riechen<\/strong>, dem <strong>Klang der Cupola<\/strong> lauschen, <strong>typische Handwerke<\/strong> ber\u00fchren, die Stadt mit anderen Augen sehen und das <strong>beste, italienische Eis<\/strong> kosten.<\/p>\n<h5 style=\"text-align: center;\">Geplanter Tag: Freitag<br \/>\nBuchungsbest\u00e4tigung bis: Dienstag 17:00 Uhr<br \/>\nPreis: 25 Euro p.P.<\/h5>\n<\/div><\/section><br \/>\n<div  class='avia-button-wrap av-av_button-c9fc2de38a0ced6845c40916894034d5-wrap avia-button-center  avia-builder-el-15  el_after_av_textblock  avia-builder-el-last '><a href='https:\/\/www.belmontevacanze.com\/de\/florenz-5-sinne\/'  class='avia-button av-av_button-c9fc2de38a0ced6845c40916894034d5 av-link-btn avia-icon_select-yes-left-icon avia-size-small avia-position-center avia-color-theme-color'   aria-label=\"Entdecken Sie das gesamte Programm\"><span class='avia_button_icon avia_button_icon_left' aria-hidden='true' data-av_icon='\ue81f' data-av_iconfont='entypo-fontello'><\/span><span class='avia_iconbox_title' >Entdecken Sie das gesamte Programm<\/span><\/a><\/div><\/p><\/div>\n<style type=\"text\/css\" data-created_by=\"avia_inline_auto\" id=\"style-css-av-av_one_half-15d750bd1b332b34c6e70b077ebbccdf\">\n.flex_column.av-av_one_half-15d750bd1b332b34c6e70b077ebbccdf{\nborder-radius:0px 0px 0px 0px;\npadding:0px 0px 0px 0px;\n}\n<\/style>\n<div  class='flex_column av-av_one_half-15d750bd1b332b34c6e70b077ebbccdf av_one_half  avia-builder-el-16  el_after_av_one_third  el_before_av_one_half  first flex_column_div av-zero-column-padding  column-top-margin'     ><p>\n<style type=\"text\/css\" data-created_by=\"avia_inline_auto\" id=\"style-css-av-av_image-523eae5d48134f937cbe0dd1454d6e51\">\n.avia-image-container.av-av_image-523eae5d48134f937cbe0dd1454d6e51 img.avia_image{\nbox-shadow:none;\n}\n.avia-image-container.av-av_image-523eae5d48134f937cbe0dd1454d6e51 .av-image-caption-overlay-center{\ncolor:#ffffff;\n}\n<\/style>\n<div  class='avia-image-container av-av_image-523eae5d48134f937cbe0dd1454d6e51 av-styling- av-hover-grow avia-align-center  avia-builder-el-17  el_before_av_textblock  avia-builder-el-first '   itemprop=\"image\" itemscope=\"itemscope\" itemtype=\"https:\/\/schema.org\/ImageObject\" ><div class=\"avia-image-container-inner\"><div class=\"avia-image-overlay-wrap\"><img decoding=\"async\" fetchpriority=\"high\" class='wp-image-4245 avia-img-lazy-loading-not-4245 avia_image ' src=\"https:\/\/www.belmontevacanze.com\/wp-content\/uploads\/2019\/12\/truffle-hunting1-e1576148767577-300x224.jpg\" alt='' title='truffle hunting1'  height=\"224\" width=\"300\"  itemprop=\"thumbnailUrl\" srcset=\"https:\/\/www.belmontevacanze.com\/wp-content\/uploads\/2019\/12\/truffle-hunting1-e1576148767577-300x224.jpg 300w, https:\/\/www.belmontevacanze.com\/wp-content\/uploads\/2019\/12\/truffle-hunting1-e1576148767577-450x337.jpg 450w, https:\/\/www.belmontevacanze.com\/wp-content\/uploads\/2019\/12\/truffle-hunting1-e1576148767577.jpg 572w\" sizes=\"(max-width: 300px) 100vw, 300px\" \/><\/div><\/div><\/div><br \/>\n<section  class='av_textblock_section av-av_textblock-2de302bf1aa3cf4c9157dbe6f50ac7eb '   itemscope=\"itemscope\" itemtype=\"https:\/\/schema.org\/CreativeWork\" ><div class='avia_textblock'  itemprop=\"text\" ><h3 style=\"text-align: center;\">TRUEFFELSUCHE<\/h3>\n<p style=\"text-align: center;\">Die Tr\u00fcffelsuche ist ein <strong>einmaliges Erlebnis<\/strong>. Sie werden in der wundersch\u00f6nen, toskanischen Landschaft die <strong>wertvolle Knolle suchen<\/strong>, mithilfe eines Experten und <strong>dessen Tr\u00fcffelhunde<\/strong>. Der Ausflug endet mit einem unvergesslichen Mittagessen im Restaurant Casa Masi, hier ist selbstverst\u00e4ndlich der <strong>Tr\u00fcffel die Hauptzutat<\/strong>.<\/p>\n<h5 style=\"text-align: center;\">Geplanter Tag: Mittwoch<br \/>\nBuchungsbest\u00e4tigung bis: Montag 18:00 Uhr<br \/>\nPreis: 85 Euro p.P.<\/h5>\n<\/div><\/section><br \/>\n<div  class='avia-button-wrap av-av_button-001a37c07f7acde1a985e1760b8ceb99-wrap avia-button-center  avia-builder-el-19  el_after_av_textblock  avia-builder-el-last '><a href='https:\/\/www.belmontevacanze.com\/de\/truffelsuche\/'  class='avia-button av-av_button-001a37c07f7acde1a985e1760b8ceb99 av-link-btn avia-icon_select-yes-left-icon avia-size-small avia-position-center avia-color-theme-color'   aria-label=\"Entdecken Sie das gesamte Programm\"><span class='avia_button_icon avia_button_icon_left' aria-hidden='true' data-av_icon='\ue81f' data-av_iconfont='entypo-fontello'><\/span><span class='avia_iconbox_title' >Entdecken Sie das gesamte Programm<\/span><\/a><\/div><\/p><\/div>\n<style type=\"text\/css\" data-created_by=\"avia_inline_auto\" id=\"style-css-av-av_one_half-c8fc129dc35fd1ae2a1e410224d39ea8\">\n.flex_column.av-av_one_half-c8fc129dc35fd1ae2a1e410224d39ea8{\nborder-radius:0px 0px 0px 0px;\npadding:0px 0px 0px 0px;\n}\n<\/style>\n<div  class='flex_column av-av_one_half-c8fc129dc35fd1ae2a1e410224d39ea8 av_one_half  avia-builder-el-20  el_after_av_one_half  avia-builder-el-last  flex_column_div av-zero-column-padding  column-top-margin'     ><p>\n<style type=\"text\/css\" data-created_by=\"avia_inline_auto\" id=\"style-css-av-av_image-b5f21aee1b9078e115ce31b067e2eb5d\">\n.avia-image-container.av-av_image-b5f21aee1b9078e115ce31b067e2eb5d img.avia_image{\nbox-shadow:none;\n}\n.avia-image-container.av-av_image-b5f21aee1b9078e115ce31b067e2eb5d .av-image-caption-overlay-center{\ncolor:#ffffff;\n}\n<\/style>\n<div  class='avia-image-container av-av_image-b5f21aee1b9078e115ce31b067e2eb5d av-styling- av-hover-grow avia-align-center  avia-builder-el-21  el_before_av_textblock  avia-builder-el-first '   itemprop=\"image\" itemscope=\"itemscope\" itemtype=\"https:\/\/schema.org\/ImageObject\" ><div class=\"avia-image-container-inner\"><div class=\"avia-image-overlay-wrap\"><img decoding=\"async\" fetchpriority=\"high\" class='wp-image-5270 avia-img-lazy-loading-not-5270 avia_image ' src=\"https:\/\/www.belmontevacanze.com\/wp-content\/uploads\/2020\/03\/ingredienti-cucina-mediterranea-3-e1585129806453-300x224.jpg\" alt='' title='ingredienti cucina mediterranea'  height=\"224\" width=\"300\"  itemprop=\"thumbnailUrl\" srcset=\"https:\/\/www.belmontevacanze.com\/wp-content\/uploads\/2020\/03\/ingredienti-cucina-mediterranea-3-e1585129806453-300x224.jpg 300w, https:\/\/www.belmontevacanze.com\/wp-content\/uploads\/2020\/03\/ingredienti-cucina-mediterranea-3-e1585129806453-450x337.jpg 450w, https:\/\/www.belmontevacanze.com\/wp-content\/uploads\/2020\/03\/ingredienti-cucina-mediterranea-3-e1585129806453.jpg 667w\" sizes=\"(max-width: 300px) 100vw, 300px\" \/><\/div><\/div><\/div><br \/>\n<section  class='av_textblock_section av-av_textblock-2de302bf1aa3cf4c9157dbe6f50ac7eb '   itemscope=\"itemscope\" itemtype=\"https:\/\/schema.org\/CreativeWork\" ><div class='avia_textblock'  itemprop=\"text\" ><h3 style=\"text-align: center;\">KOCHKURS<\/h3>\n<p style=\"text-align: center;\">In der K\u00fcche trifft man auf die wahre <strong>Essenz der toskanischen Tradition<\/strong>. Sie lernen wie man <strong>\u201eOma\u2018s Rezepte\u201c<\/strong> zubereitet, einfache und doch k\u00f6stliche Speisen. Sie werden die <strong>Vorgehensweise<\/strong> lernen und auch die kleinen <strong>Geheimnisse<\/strong>, die sich hinter jeder Speise verbergen. Am Ende gibt es ein leckeres Mittagessen und dazu eine <strong>Auswahl an Weinen aus der Umgebung<\/strong>.\u00a0<\/p>\n<h5 style=\"text-align: center;\">Geplanter Tag: Donnerstag<br \/>\nBitte best\u00e4tigen bis: Dienstag, 12.00 Uhr<br \/>\nPreis: 120 \u20ac p. P.\u00a0<\/h5>\n<\/div><\/section><br \/>\n<div  class='avia-button-wrap av-av_button-157fc5b8f37356423bd9a67a59a4cb69-wrap avia-button-center  avia-builder-el-23  el_after_av_textblock  avia-builder-el-last '><a href='https:\/\/www.belmontevacanze.com\/de\/kochkurs\/'  class='avia-button av-av_button-157fc5b8f37356423bd9a67a59a4cb69 av-link-btn avia-icon_select-yes-left-icon avia-size-small avia-position-center avia-color-theme-color'   aria-label=\"Entdecken Sie das gesamte Programm\"><span class='avia_button_icon avia_button_icon_left' aria-hidden='true' data-av_icon='\ue81f' data-av_iconfont='entypo-fontello'><\/span><span class='avia_iconbox_title' >Entdecken Sie das gesamte Programm<\/span><\/a><\/div><\/p><\/div>\n\n<\/div><\/div><\/div><!-- close content main div --><\/div><\/div>\n<style type=\"text\/css\" data-created_by=\"avia_inline_auto\" id=\"style-css-av-av_section-fd6d31b9e6c1051067bf4e29e5bfbcbb\">\n.avia-section.av-av_section-fd6d31b9e6c1051067bf4e29e5bfbcbb{\nbackground-repeat:no-repeat;\nbackground-image:url(https:\/\/www.belmontevacanze.com\/wp-content\/uploads\/2020\/03\/bg-email.png);\nbackground-position:100% 50%;\nbackground-attachment:scroll;\n}\n<\/style>\n<div id='av_section_3'  class='avia-section av-av_section-fd6d31b9e6c1051067bf4e29e5bfbcbb socket_color avia-section-large avia-no-shadow  avia-builder-el-24  el_after_av_section  avia-builder-el-last  avia-full-contain avia-bg-style-scroll container_wrap fullsize'  data-section-bg-repeat='contain'><div class='container av-section-cont-open' ><div class='template-page content  av-content-full alpha units'><div class='post-entry post-entry-type-page post-entry-4563'><div class='entry-content-wrapper clearfix'>\n\n<style type=\"text\/css\" data-created_by=\"avia_inline_auto\" id=\"style-css-av-av_one_fifth-15d750bd1b332b34c6e70b077ebbccdf\">\n.flex_column.av-av_one_fifth-15d750bd1b332b34c6e70b077ebbccdf{\nborder-radius:0px 0px 0px 0px;\npadding:0px 0px 0px 0px;\n}\n<\/style>\n<div  class='flex_column av-av_one_fifth-15d750bd1b332b34c6e70b077ebbccdf av_one_fifth  avia-builder-el-25  el_before_av_three_fifth  avia-builder-el-first  first flex_column_div av-zero-column-padding  '     ><\/div>\n<style type=\"text\/css\" data-created_by=\"avia_inline_auto\" id=\"style-css-av-av_three_fifth-c8fc129dc35fd1ae2a1e410224d39ea8\">\n.flex_column.av-av_three_fifth-c8fc129dc35fd1ae2a1e410224d39ea8{\nborder-radius:0px 0px 0px 0px;\npadding:0px 0px 0px 0px;\n}\n<\/style>\n<div  class='flex_column av-av_three_fifth-c8fc129dc35fd1ae2a1e410224d39ea8 av_three_fifth  avia-builder-el-26  el_after_av_one_fifth  el_before_av_one_fifth  flex_column_div av-zero-column-padding  '     ><style type=\"text\/css\" data-created_by=\"avia_inline_auto\" id=\"style-css-av-av_textblock-dd2387397296c1a314b0b5f4a3f918a3\">\n#top .av_textblock_section.av-av_textblock-dd2387397296c1a314b0b5f4a3f918a3 .avia_textblock{\ncolor:#ffffff;\n}\n<\/style>\n<section  class='av_textblock_section av-av_textblock-dd2387397296c1a314b0b5f4a3f918a3 '   itemscope=\"itemscope\" itemtype=\"https:\/\/schema.org\/CreativeWork\" ><div class='avia_textblock av_inherit_color'  itemprop=\"text\" ><h3 style=\"text-align: center;\"><span style=\"color: #f8be00;\">Newsletter anmelden<\/span><\/h3>\n<p style=\"text-align: center;\"><strong>Sie m\u00f6chten jetzt nicht buchen?<br \/>\n<\/strong>Hinterlassen Sie Ihre E-Mail Adresse und Sie bekommen sofort ein <strong>Sonderangebot<\/strong> f\u00fcr Ihren n\u00e4chsten Aufenthalt.<br \/>\n<strong>Nur f\u00fcr die ersten 10 Anmeldungen!\u00a0<\/strong><\/p>\n<\/div><\/section><br \/>\n<\/p><\/div>\n<style type=\"text\/css\" data-created_by=\"avia_inline_auto\" id=\"style-css-av-av_one_fifth-c8fc129dc35fd1ae2a1e410224d39ea8\">\n.flex_column.av-av_one_fifth-c8fc129dc35fd1ae2a1e410224d39ea8{\nborder-radius:0px 0px 0px 0px;\npadding:0px 0px 0px 0px;\n}\n<\/style>\n<div  class='flex_column av-av_one_fifth-c8fc129dc35fd1ae2a1e410224d39ea8 av_one_fifth  avia-builder-el-29  el_after_av_three_fifth  avia-builder-el-last  flex_column_div av-zero-column-padding  '     ><\/div>\n\n","protected":false},"excerpt":{"rendered":"","protected":false},"author":3,"featured_media":0,"parent":0,"menu_order":0,"comment_status":"closed","ping_status":"closed","template":"","meta":{"footnotes":""},"class_list":["post-4563","page","type-page","status-publish","hentry"],"_links":{"self":[{"href":"https:\/\/www.belmontevacanze.com\/de\/wp-json\/wp\/v2\/pages\/4563","targetHints":{"allow":["GET"]}}],"collection":[{"href":"https:\/\/www.belmontevacanze.com\/de\/wp-json\/wp\/v2\/pages"}],"about":[{"href":"https:\/\/www.belmontevacanze.com\/de\/wp-json\/wp\/v2\/types\/page"}],"author":[{"embeddable":true,"href":"https:\/\/www.belmontevacanze.com\/de\/wp-json\/wp\/v2\/users\/3"}],"replies":[{"embeddable":true,"href":"https:\/\/www.belmontevacanze.com\/de\/wp-json\/wp\/v2\/comments?post=4563"}],"version-history":[{"count":7,"href":"https:\/\/www.belmontevacanze.com\/de\/wp-json\/wp\/v2\/pages\/4563\/revisions"}],"predecessor-version":[{"id":10640,"href":"https:\/\/www.belmontevacanze.com\/de\/wp-json\/wp\/v2\/pages\/4563\/revisions\/10640"}],"wp:attachment":[{"href":"https:\/\/www.belmontevacanze.com\/de\/wp-json\/wp\/v2\/media?parent=4563"}],"curies":[{"name":"wp","href":"https:\/\/api.w.org\/{rel}","templated":true}]}}