{"id":1813,"date":"2018-02-08T12:14:18","date_gmt":"2018-02-08T11:14:18","guid":{"rendered":"https:\/\/www.belmontevacanze.com\/?page_id=1813"},"modified":"2022-03-14T12:41:16","modified_gmt":"2022-03-14T11:41:16","slug":"ferme-toscane-recharge-voitures-electriques","status":"publish","type":"page","link":"https:\/\/www.belmontevacanze.com\/fr\/services\/ferme-toscane-recharge-voitures-electriques\/","title":{"rendered":"Ferme en Toscane avec bornes de recharge de voitures \u00e9lectriques"},"content":{"rendered":"<div  class='avia-slideshow av-av_slideshow-e5ffe91c78ae24378493f2febf89ae19 avia-slideshow-no scaling av_slideshow avia-slide-slider  avia-builder-el-0  el_before_av_one_fifth  avia-builder-el-first  av-slideshow-ui av-control-default av-slideshow-autoplay av-loop-endless av-loop-manual-endless av-default-height-applied avia-slideshow-1' data-slideshow-options=\"{&quot;animation&quot;:&quot;slide&quot;,&quot;autoplay&quot;:true,&quot;loop_autoplay&quot;:&quot;endless&quot;,&quot;interval&quot;:3,&quot;loop_manual&quot;:&quot;manual-endless&quot;,&quot;autoplay_stopper&quot;:false,&quot;noNavigation&quot;:false,&quot;bg_slider&quot;:false,&quot;keep_padding&quot;:false,&quot;hoverpause&quot;:false,&quot;show_slide_delay&quot;:0}\"  itemprop=\"image\" itemscope=\"itemscope\" itemtype=\"https:\/\/schema.org\/ImageObject\" ><ul class='avia-slideshow-inner ' style='padding-bottom: 66.5%;'><li  class='avia-slideshow-slide av-av_slideshow-e5ffe91c78ae24378493f2febf89ae19__0  slide-1 slide-odd'><div data-rel='slideshow-1' class='avia-slide-wrap '   ><img decoding=\"async\" fetchpriority=\"high\" class=\"wp-image-3387 avia-img-lazy-loading-not-3387\"  src=\"https:\/\/www.belmontevacanze.com\/wp-content\/uploads\/2018\/09\/tesla.2.jpg\" width=\"800\" height=\"532\" title='tesla.2' alt=''  itemprop=\"thumbnailUrl\" srcset=\"https:\/\/www.belmontevacanze.com\/wp-content\/uploads\/2018\/09\/tesla.2.jpg 800w, https:\/\/www.belmontevacanze.com\/wp-content\/uploads\/2018\/09\/tesla.2-300x200.jpg 300w, https:\/\/www.belmontevacanze.com\/wp-content\/uploads\/2018\/09\/tesla.2-768x511.jpg 768w, https:\/\/www.belmontevacanze.com\/wp-content\/uploads\/2018\/09\/tesla.2-705x469.jpg 705w, https:\/\/www.belmontevacanze.com\/wp-content\/uploads\/2018\/09\/tesla.2-450x299.jpg 450w\" sizes=\"(max-width: 800px) 100vw, 800px\" \/><\/div><\/li><li  class='avia-slideshow-slide av-av_slideshow-e5ffe91c78ae24378493f2febf89ae19__1  slide-2 slide-even'><div data-rel='slideshow-1' class='avia-slide-wrap '   ><img decoding=\"async\" fetchpriority=\"high\" class=\"wp-image-3393 avia-img-lazy-loading-not-3393\"  src=\"https:\/\/www.belmontevacanze.com\/wp-content\/uploads\/2018\/09\/tesla.8.jpg\" width=\"800\" height=\"532\" title='tesla.8' alt=''  itemprop=\"thumbnailUrl\" srcset=\"https:\/\/www.belmontevacanze.com\/wp-content\/uploads\/2018\/09\/tesla.8.jpg 800w, https:\/\/www.belmontevacanze.com\/wp-content\/uploads\/2018\/09\/tesla.8-300x200.jpg 300w, https:\/\/www.belmontevacanze.com\/wp-content\/uploads\/2018\/09\/tesla.8-768x511.jpg 768w, https:\/\/www.belmontevacanze.com\/wp-content\/uploads\/2018\/09\/tesla.8-705x469.jpg 705w, https:\/\/www.belmontevacanze.com\/wp-content\/uploads\/2018\/09\/tesla.8-450x299.jpg 450w\" sizes=\"(max-width: 800px) 100vw, 800px\" \/><\/div><\/li><li  class='avia-slideshow-slide av-av_slideshow-e5ffe91c78ae24378493f2febf89ae19__2  slide-3 slide-odd'><div data-rel='slideshow-1' class='avia-slide-wrap '   ><img decoding=\"async\" fetchpriority=\"high\" class=\"wp-image-3392 avia-img-lazy-loading-not-3392\"  src=\"https:\/\/www.belmontevacanze.com\/wp-content\/uploads\/2018\/09\/tesla.3.jpg\" width=\"800\" height=\"532\" title='tesla.3' alt=''  itemprop=\"thumbnailUrl\" srcset=\"https:\/\/www.belmontevacanze.com\/wp-content\/uploads\/2018\/09\/tesla.3.jpg 800w, https:\/\/www.belmontevacanze.com\/wp-content\/uploads\/2018\/09\/tesla.3-300x200.jpg 300w, https:\/\/www.belmontevacanze.com\/wp-content\/uploads\/2018\/09\/tesla.3-768x511.jpg 768w, https:\/\/www.belmontevacanze.com\/wp-content\/uploads\/2018\/09\/tesla.3-705x469.jpg 705w, https:\/\/www.belmontevacanze.com\/wp-content\/uploads\/2018\/09\/tesla.3-450x299.jpg 450w\" sizes=\"(max-width: 800px) 100vw, 800px\" \/><\/div><\/li><li  class='avia-slideshow-slide av-av_slideshow-e5ffe91c78ae24378493f2febf89ae19__3  slide-4 slide-even'><div data-rel='slideshow-1' class='avia-slide-wrap '   ><img decoding=\"async\" fetchpriority=\"high\" class=\"wp-image-3383 avia-img-lazy-loading-not-3383\"  src=\"https:\/\/www.belmontevacanze.com\/wp-content\/uploads\/2018\/09\/tesla.1.jpg\" width=\"800\" height=\"532\" title='tesla destination charge toscana' alt=''  itemprop=\"thumbnailUrl\" srcset=\"https:\/\/www.belmontevacanze.com\/wp-content\/uploads\/2018\/09\/tesla.1.jpg 800w, https:\/\/www.belmontevacanze.com\/wp-content\/uploads\/2018\/09\/tesla.1-300x200.jpg 300w, https:\/\/www.belmontevacanze.com\/wp-content\/uploads\/2018\/09\/tesla.1-768x511.jpg 768w, https:\/\/www.belmontevacanze.com\/wp-content\/uploads\/2018\/09\/tesla.1-705x469.jpg 705w, https:\/\/www.belmontevacanze.com\/wp-content\/uploads\/2018\/09\/tesla.1-450x299.jpg 450w\" sizes=\"(max-width: 800px) 100vw, 800px\" \/><\/div><\/li><li  class='avia-slideshow-slide av-av_slideshow-e5ffe91c78ae24378493f2febf89ae19__4  slide-5 slide-odd'><div data-rel='slideshow-1' class='avia-slide-wrap '   ><img decoding=\"async\" fetchpriority=\"high\" class=\"wp-image-3390 avia-img-lazy-loading-not-3390\"  src=\"https:\/\/www.belmontevacanze.com\/wp-content\/uploads\/2018\/09\/tesla.6.jpg\" width=\"800\" height=\"532\" title='tesla.6' alt=''  itemprop=\"thumbnailUrl\" srcset=\"https:\/\/www.belmontevacanze.com\/wp-content\/uploads\/2018\/09\/tesla.6.jpg 800w, https:\/\/www.belmontevacanze.com\/wp-content\/uploads\/2018\/09\/tesla.6-300x200.jpg 300w, https:\/\/www.belmontevacanze.com\/wp-content\/uploads\/2018\/09\/tesla.6-768x511.jpg 768w, https:\/\/www.belmontevacanze.com\/wp-content\/uploads\/2018\/09\/tesla.6-705x469.jpg 705w, https:\/\/www.belmontevacanze.com\/wp-content\/uploads\/2018\/09\/tesla.6-450x299.jpg 450w\" sizes=\"(max-width: 800px) 100vw, 800px\" \/><\/div><\/li><li  class='avia-slideshow-slide av-av_slideshow-e5ffe91c78ae24378493f2febf89ae19__5  slide-6 slide-even'><div data-rel='slideshow-1' class='avia-slide-wrap '   ><img decoding=\"async\" fetchpriority=\"high\" class=\"wp-image-3391 avia-img-lazy-loading-not-3391\"  src=\"https:\/\/www.belmontevacanze.com\/wp-content\/uploads\/2018\/09\/tesla.10.jpg\" width=\"800\" height=\"532\" title='tesla.10' alt=''  itemprop=\"thumbnailUrl\" srcset=\"https:\/\/www.belmontevacanze.com\/wp-content\/uploads\/2018\/09\/tesla.10.jpg 800w, https:\/\/www.belmontevacanze.com\/wp-content\/uploads\/2018\/09\/tesla.10-300x200.jpg 300w, https:\/\/www.belmontevacanze.com\/wp-content\/uploads\/2018\/09\/tesla.10-768x511.jpg 768w, https:\/\/www.belmontevacanze.com\/wp-content\/uploads\/2018\/09\/tesla.10-705x469.jpg 705w, https:\/\/www.belmontevacanze.com\/wp-content\/uploads\/2018\/09\/tesla.10-450x299.jpg 450w\" sizes=\"(max-width: 800px) 100vw, 800px\" \/><\/div><\/li><\/ul><div class='avia-slideshow-arrows avia-slideshow-controls' ><a href='#prev' class='prev-slide ' aria-hidden='true' data-av_icon='\ue87c' data-av_iconfont='entypo-fontello'  tabindex='-1'>Pr\u00e9c\u00e9dent<\/a><a href='#next' class='next-slide ' aria-hidden='true' data-av_icon='\ue87d' data-av_iconfont='entypo-fontello'  tabindex='-1'>Suivant<\/a><\/div><div class='avia-slideshow-dots avia-slideshow-controls'><a href='#1' class='goto-slide active' >1<\/a><a href='#2' class='goto-slide ' >2<\/a><a href='#3' class='goto-slide ' >3<\/a><a href='#4' class='goto-slide ' >4<\/a><a href='#5' class='goto-slide ' >5<\/a><a href='#6' class='goto-slide ' >6<\/a><\/div><\/div>\n\n<style type=\"text\/css\" data-created_by=\"avia_inline_auto\" id=\"style-css-av-av_one_fifth-15d750bd1b332b34c6e70b077ebbccdf\">\n.flex_column.av-av_one_fifth-15d750bd1b332b34c6e70b077ebbccdf{\nborder-radius:0px 0px 0px 0px;\npadding:0px 0px 0px 0px;\n}\n<\/style>\n<div  class='flex_column av-av_one_fifth-15d750bd1b332b34c6e70b077ebbccdf av_one_fifth  avia-builder-el-1  el_after_av_slideshow  el_before_av_three_fifth  first flex_column_div av-zero-column-padding  '     ><\/div>\n\n<style type=\"text\/css\" data-created_by=\"avia_inline_auto\" id=\"style-css-av-av_three_fifth-c8fc129dc35fd1ae2a1e410224d39ea8\">\n.flex_column.av-av_three_fifth-c8fc129dc35fd1ae2a1e410224d39ea8{\nborder-radius:0px 0px 0px 0px;\npadding:0px 0px 0px 0px;\n}\n<\/style>\n<div  class='flex_column av-av_three_fifth-c8fc129dc35fd1ae2a1e410224d39ea8 av_three_fifth  avia-builder-el-2  el_after_av_one_fifth  el_before_av_one_fifth  flex_column_div av-zero-column-padding  '     ><p><section  class='av_textblock_section av-l0qmwzu2-9d3fc163fd0b14533a25f99413af9a40 '   itemscope=\"itemscope\" itemtype=\"https:\/\/schema.org\/CreativeWork\" ><div class='avia_textblock'  itemprop=\"text\" ><p><img loading=\"lazy\" decoding=\"async\" class=\"size-full wp-image-697 aligncenter\" src=\"https:\/\/www.belmontevacanze.com\/wp-content\/uploads\/2018\/01\/tesla.2.jpg\" alt=\"\" width=\"800\" height=\"532\" srcset=\"https:\/\/www.belmontevacanze.com\/wp-content\/uploads\/2018\/01\/tesla.2.jpg 800w, https:\/\/www.belmontevacanze.com\/wp-content\/uploads\/2018\/01\/tesla.2-300x200.jpg 300w, https:\/\/www.belmontevacanze.com\/wp-content\/uploads\/2018\/01\/tesla.2-768x511.jpg 768w, https:\/\/www.belmontevacanze.com\/wp-content\/uploads\/2018\/01\/tesla.2-705x469.jpg 705w, https:\/\/www.belmontevacanze.com\/wp-content\/uploads\/2018\/01\/tesla.2-450x299.jpg 450w\" sizes=\"auto, (max-width: 800px) 100vw, 800px\" \/><\/p>\n<h1><small>HOTEL TESLA DESTINATION CHARGING EN TOSCANE<\/small><\/h1>\n<h2><b>RECHARGEZ VOTRE TESLA OU TOUTES AUTRES MARQUES DE VOITURES \u00c9LECTRIQUES DANS NOTRE FERME EV FRIENDLY EN TOSCANE.<\/b><\/h2>\n<p>Nous avons 2 chargeurs\u00a0<strong>Tesla<\/strong>\u00a022 kw et un chargeur g\u00e9n\u00e9rique 22 kw avec c\u00e2ble de type 2 pour des\u00a0<strong>voitures \u00e9lectriques<\/strong>\u00a0g\u00e9n\u00e9riques.<\/p>\n<p>Nous avons demand\u00e9 \u00e0 Telsa de devenir un\u00a0<strong>centre officiel de recharge\u00a0<a href=\"https:\/\/www.tesla.com\/fr_FR\/destination-charging?redirect=no\" target=\"_blank\" rel=\"noopener\">Tesla destination charge<\/a><\/strong>\u00a0et nous sommes ravis de pouvoir contribuer au d\u00e9veloppement de voitures \u00e9lectriques et aider les pionniers qui pensent qu\u2019une autre fa\u00e7on de voyager est possible.<\/p>\n<p>Tesla a cru en nous et cela nous a permis de contribuer au d\u00e9veloppement du r\u00e9seau de recharge \u00e9lectrique en Toscane en nous fournissant le mat\u00e9riel officiel du groupe Tesla.\u00a0.<\/p>\n<p>Nous sommes le seul\u00a0<a href=\"https:\/\/www.belmontevacanze.com\/fr\/\">agriturismo en Toscane<\/a>\u00a0qui dispose de\u00a0<strong>3 bornes de recharge dont deux bornes 22 kw Tesla<\/strong>.<\/p>\n<h3><img loading=\"lazy\" decoding=\"async\" class=\"aligncenter size-full wp-image-698\" src=\"https:\/\/www.belmontevacanze.com\/wp-content\/uploads\/2018\/01\/tesla.map_.toscana-1024x569.jpg\" alt=\"\" width=\"1024\" height=\"569\" srcset=\"https:\/\/www.belmontevacanze.com\/wp-content\/uploads\/2018\/01\/tesla.map_.toscana-1024x569.jpg 1024w, https:\/\/www.belmontevacanze.com\/wp-content\/uploads\/2018\/01\/tesla.map_.toscana-1024x569-300x167.jpg 300w, https:\/\/www.belmontevacanze.com\/wp-content\/uploads\/2018\/01\/tesla.map_.toscana-1024x569-768x427.jpg 768w, https:\/\/www.belmontevacanze.com\/wp-content\/uploads\/2018\/01\/tesla.map_.toscana-1024x569-705x392.jpg 705w, https:\/\/www.belmontevacanze.com\/wp-content\/uploads\/2018\/01\/tesla.map_.toscana-1024x569-450x250.jpg 450w\" sizes=\"auto, (max-width: 1024px) 100vw, 1024px\" \/><\/h3>\n<p>Les chargeurs 22kw de Tesla permettent \u00e0\u00a0<strong>une voiture Tesla de charger en 2,5 heures<\/strong>(compl\u00e8tement d\u00e9charg\u00e9, sinon plus court). 100 km d\u2019autonomie pour chaque heure de recharge!<\/p>\n<p>Le\u00a0<strong>chargeur g\u00e9n\u00e9rique 22kw avec prise de type 2<\/strong>\u00a0permet de charger des\u00a0<strong>voitures \u00e9lectriques g\u00e9n\u00e9riques<\/strong>.<\/p>\n<p>Nous sommes ravis d\u2019<strong>offrir aux voyageurs qui souhaitent d\u00e9couvrir l\u2019excitation de visiter la Toscane<\/strong>\u00a0avec une voiture \u00e9lectrique, la possibilit\u00e9 de trouver dans notre ferme trois bornes de recharge.<\/p>\n<h3><img loading=\"lazy\" decoding=\"async\" class=\"size-full wp-image-696 alignleft\" src=\"https:\/\/www.belmontevacanze.com\/wp-content\/uploads\/2018\/01\/IMG_9033-300x225.jpg\" alt=\"\" width=\"300\" height=\"225\" \/><\/h3>\n<h3>BELMONTE 2.0<\/h3>\n<p>Nous sommes fiers d\u2019\u00eatre une ferme technologiquement avanc\u00e9e et cette ann\u00e9e nous avons investi beaucoup dans notre ferme en Toscane, en\u00a0<strong>installant des fibres optiques pour la connexion Internet<\/strong>\u00a0et des bornes de recharge de voitures \u00e9lectriques.<\/p>\n<\/div><\/section><br \/>\n\n<style type=\"text\/css\" data-created_by=\"avia_inline_auto\" id=\"style-css-av-av_hr-4474f20d2389e2e5ecf918a02da5132e\">\n#top .hr.hr-invisible.av-av_hr-4474f20d2389e2e5ecf918a02da5132e{\nheight:50px;\n}\n<\/style>\n<div  class='hr av-av_hr-4474f20d2389e2e5ecf918a02da5132e hr-invisible  avia-builder-el-4  el_after_av_textblock  el_before_av_icon_box '><span class='hr-inner '><span class=\"hr-inner-style\"><\/span><\/span><\/div><br \/>\n\n<style type=\"text\/css\" data-created_by=\"avia_inline_auto\" id=\"style-css-av-l0qmxamy-914457b37ff0b8f06e27fa95e23779cd\">\n#top #wrap_all .iconbox.av-l0qmxamy-914457b37ff0b8f06e27fa95e23779cd .iconbox_content_title{\ncolor:#b02b2c;\n}\n<\/style>\n<article  class='iconbox iconbox_left av-l0qmxamy-914457b37ff0b8f06e27fa95e23779cd  avia-builder-el-5  el_after_av_hr  avia-builder-el-last '  itemscope=\"itemscope\" itemtype=\"https:\/\/schema.org\/CreativeWork\" ><div class=\"iconbox_content\"><header class=\"entry-content-header\" aria-label=\"Icon: Le service de recharge des voitures \u00e9lectriques est payant.\"><div class=\"iconbox_icon heading-color\" aria-hidden='true' data-av_icon='\ue83e' data-av_iconfont='entypo-fontello'><\/div><h3 class='iconbox_content_title '  itemprop=\"headline\" >Le service de recharge des voitures \u00e9lectriques est payant.<\/h3><\/header><div class='iconbox_content_container '  itemprop=\"text\" ><\/div><\/div><footer class=\"entry-footer\"><\/footer><\/article><\/p><\/div>\n<style type=\"text\/css\" data-created_by=\"avia_inline_auto\" id=\"style-css-av-av_one_fifth-c8fc129dc35fd1ae2a1e410224d39ea8\">\n.flex_column.av-av_one_fifth-c8fc129dc35fd1ae2a1e410224d39ea8{\nborder-radius:0px 0px 0px 0px;\npadding:0px 0px 0px 0px;\n}\n<\/style>\n<div  class='flex_column av-av_one_fifth-c8fc129dc35fd1ae2a1e410224d39ea8 av_one_fifth  avia-builder-el-6  el_after_av_three_fifth  el_before_av_section  avia-builder-el-last  flex_column_div av-zero-column-padding  '     ><\/div><\/p>\n<\/div><\/div><\/div><!-- close content main div --><\/div><\/div>\n<style type=\"text\/css\" data-created_by=\"avia_inline_auto\" id=\"style-css-av-av_section-fd6d31b9e6c1051067bf4e29e5bfbcbb\">\n.avia-section.av-av_section-fd6d31b9e6c1051067bf4e29e5bfbcbb{\nbackground-repeat:no-repeat;\nbackground-image:url(https:\/\/www.belmontevacanze.com\/wp-content\/uploads\/2020\/03\/bg-email.png);\nbackground-position:100% 50%;\nbackground-attachment:scroll;\n}\n<\/style>\n<div id='av_section_1'  class='avia-section av-av_section-fd6d31b9e6c1051067bf4e29e5bfbcbb socket_color avia-section-large avia-no-shadow  avia-builder-el-7  el_after_av_one_fifth  avia-builder-el-last  avia-full-contain avia-bg-style-scroll container_wrap fullsize'  data-section-bg-repeat='contain'><div class='container av-section-cont-open' ><div class='template-page content  av-content-full alpha units'><div class='post-entry post-entry-type-page post-entry-1813'><div class='entry-content-wrapper clearfix'>\n\n<style type=\"text\/css\" data-created_by=\"avia_inline_auto\" id=\"style-css-av-av_one_fifth-15d750bd1b332b34c6e70b077ebbccdf\">\n.flex_column.av-av_one_fifth-15d750bd1b332b34c6e70b077ebbccdf{\nborder-radius:0px 0px 0px 0px;\npadding:0px 0px 0px 0px;\n}\n<\/style>\n<div  class='flex_column av-av_one_fifth-15d750bd1b332b34c6e70b077ebbccdf av_one_fifth  avia-builder-el-8  el_before_av_three_fifth  avia-builder-el-first  first flex_column_div av-zero-column-padding  '     ><\/div>\n<style type=\"text\/css\" data-created_by=\"avia_inline_auto\" id=\"style-css-av-av_three_fifth-c8fc129dc35fd1ae2a1e410224d39ea8\">\n.flex_column.av-av_three_fifth-c8fc129dc35fd1ae2a1e410224d39ea8{\nborder-radius:0px 0px 0px 0px;\npadding:0px 0px 0px 0px;\n}\n<\/style>\n<div  class='flex_column av-av_three_fifth-c8fc129dc35fd1ae2a1e410224d39ea8 av_three_fifth  avia-builder-el-9  el_after_av_one_fifth  el_before_av_one_fifth  flex_column_div av-zero-column-padding  '     ><style type=\"text\/css\" data-created_by=\"avia_inline_auto\" id=\"style-css-av-av_textblock-dd2387397296c1a314b0b5f4a3f918a3\">\n#top .av_textblock_section.av-av_textblock-dd2387397296c1a314b0b5f4a3f918a3 .avia_textblock{\ncolor:#ffffff;\n}\n<\/style>\n<section  class='av_textblock_section av-av_textblock-dd2387397296c1a314b0b5f4a3f918a3 '   itemscope=\"itemscope\" itemtype=\"https:\/\/schema.org\/CreativeWork\" ><div class='avia_textblock av_inherit_color'  itemprop=\"text\" ><h3 style=\"text-align: center;\"><span style=\"color: #f8be00;\">Inscrivez-vous \u00e0 notre newsletter<\/span><\/h3>\n<p style=\"text-align: center;\"><strong>Vous ne voulez pas r\u00e9server maintenant?<u><br \/>\n<\/u><\/strong>Entrez votre adresse e-mail et recevez imm\u00e9diatement une <strong>offre sp\u00e9ciale <\/strong>pour votre prochain s\u00e9jour.<\/p>\n<p style=\"text-align: center;\"><strong><u>Uniquement pour les 10 premiers nouveaux membres!<\/u><\/strong><\/p>\n<\/div><\/section><br \/>\n<\/p><\/div>\n<style type=\"text\/css\" data-created_by=\"avia_inline_auto\" id=\"style-css-av-av_one_fifth-c8fc129dc35fd1ae2a1e410224d39ea8\">\n.flex_column.av-av_one_fifth-c8fc129dc35fd1ae2a1e410224d39ea8{\nborder-radius:0px 0px 0px 0px;\npadding:0px 0px 0px 0px;\n}\n<\/style>\n<div  class='flex_column av-av_one_fifth-c8fc129dc35fd1ae2a1e410224d39ea8 av_one_fifth  avia-builder-el-12  el_after_av_three_fifth  avia-builder-el-last  flex_column_div av-zero-column-padding  '     ><\/div>\n\n","protected":false},"excerpt":{"rendered":"","protected":false},"author":3,"featured_media":0,"parent":1956,"menu_order":0,"comment_status":"closed","ping_status":"closed","template":"","meta":{"footnotes":""},"class_list":["post-1813","page","type-page","status-publish","hentry"],"_links":{"self":[{"href":"https:\/\/www.belmontevacanze.com\/fr\/wp-json\/wp\/v2\/pages\/1813","targetHints":{"allow":["GET"]}}],"collection":[{"href":"https:\/\/www.belmontevacanze.com\/fr\/wp-json\/wp\/v2\/pages"}],"about":[{"href":"https:\/\/www.belmontevacanze.com\/fr\/wp-json\/wp\/v2\/types\/page"}],"author":[{"embeddable":true,"href":"https:\/\/www.belmontevacanze.com\/fr\/wp-json\/wp\/v2\/users\/3"}],"replies":[{"embeddable":true,"href":"https:\/\/www.belmontevacanze.com\/fr\/wp-json\/wp\/v2\/comments?post=1813"}],"version-history":[{"count":12,"href":"https:\/\/www.belmontevacanze.com\/fr\/wp-json\/wp\/v2\/pages\/1813\/revisions"}],"predecessor-version":[{"id":5595,"href":"https:\/\/www.belmontevacanze.com\/fr\/wp-json\/wp\/v2\/pages\/1813\/revisions\/5595"}],"up":[{"embeddable":true,"href":"https:\/\/www.belmontevacanze.com\/fr\/wp-json\/wp\/v2\/pages\/1956"}],"wp:attachment":[{"href":"https:\/\/www.belmontevacanze.com\/fr\/wp-json\/wp\/v2\/media?parent=1813"}],"curies":[{"name":"wp","href":"https:\/\/api.w.org\/{rel}","templated":true}]}}