{"id":4515,"date":"2019-12-18T12:45:05","date_gmt":"2019-12-18T11:45:05","guid":{"rendered":"https:\/\/www.belmontevacanze.com\/tour-guidati-amot\/"},"modified":"2020-04-01T11:02:11","modified_gmt":"2020-04-01T09:02:11","slug":"visites-guidees-amot","status":"publish","type":"page","link":"https:\/\/www.belmontevacanze.com\/fr\/visites-guidees-amot\/","title":{"rendered":"Visites guid\u00e9es AMOT"},"content":{"rendered":"<div id='av_section_1'  class='avia-section av-av_section-e20ec1361547d950b6e2569930d6aa41 main_color avia-section-default avia-no-shadow  avia-builder-el-0  el_before_av_textblock  avia-builder-el-first  avia-bg-style-scroll container_wrap fullsize'  ><div class='container av-section-cont-open' ><main  role=\"main\" itemprop=\"mainContentOfPage\"  class='template-page content  av-content-full alpha units'><div class='post-entry post-entry-type-page post-entry-4515'><div class='entry-content-wrapper clearfix'>\n<div  class='avia-video av-av_video-cf1f0f1ece6011ffa127e68faf97d8fb avia-video-16-9 av-no-preview-image avia-video-load-always av-lazyload-immediate av-lazyload-video-embed'  itemprop=\"video\" itemtype=\"https:\/\/schema.org\/VideoObject\"  data-original_url='https:\/\/youtu.be\/gQgqRhyjIYQ'><script type='text\/html' class='av-video-tmpl'><div class='avia-iframe-wrap'><iframe loading=\"lazy\" title=\"Live your holiday in Montaione like a local. What to do on during your holiday in Montaione.\" width=\"1500\" height=\"844\" src=\"https:\/\/www.youtube.com\/embed\/gQgqRhyjIYQ?feature=oembed&autoplay=0&loop=0&controls=1&mute=0\" frameborder=\"0\" allow=\"accelerometer; autoplay; encrypted-media; gyroscope; picture-in-picture\" allowfullscreen><\/iframe><\/div><\/script><div class='av-click-to-play-overlay'><div class=\"avia_playpause_icon\"><\/div><\/div><\/div>\n<\/div><\/div><\/main><!-- close content main element --><\/div><\/div><div id='after_section_1'  class='main_color av_default_container_wrap container_wrap fullsize'  ><div class='container av-section-cont-open' ><div class='template-page content  av-content-full alpha units'><div class='post-entry post-entry-type-page post-entry-4515'><div class='entry-content-wrapper clearfix'>\n<section  class='av_textblock_section av-av_textblock-2de302bf1aa3cf4c9157dbe6f50ac7eb '   itemscope=\"itemscope\" itemtype=\"https:\/\/schema.org\/CreativeWork\" ><div class='avia_textblock'  itemprop=\"text\" ><h1 style=\"text-align: center;\">D\u00e9couvrez la Toscane avec A.M.O.T.<\/h1>\n<h3 style=\"text-align: left;\">\nQu&rsquo;est-ce que Amot?<\/h3>\n<p style=\"text-align: left;\">\nAmot est <strong>l&rsquo;association officielle des h\u00f4teliers de Montaione<\/strong>. C&rsquo;est un groupe de <strong>personnes locales<\/strong> qui vivent sur place, <strong>aiment la r\u00e9gion<\/strong>, heureux de <strong>partager avec vous les meilleures exp\u00e9riences<\/strong> et connaissances, avec beaucoup d&rsquo;enthousiasme.<br \/>\nNous sommes vraiment fiers de faire partie de l&rsquo;A.MO.T. et nous sommes l\u00e0 pour vous pr\u00e9senter une <strong>s\u00e9lection d&rsquo;activit\u00e9s hebdomadaires<\/strong>, pour vous faire d\u00e9couvrir notre r\u00e9gion d&rsquo;un <strong>point de vue insolite<\/strong>.<br \/>\nVivez une <strong>v\u00e9ritable exp\u00e9rience toscane<\/strong> avec nous!<\/p>\n<\/div><\/section>\n<\/div><\/div><\/div><!-- close content main div --><\/div><\/div><div id='av_section_2'  class='avia-section av-av_section-4ab2c50611e8bc0ab9af19846c400691 main_color avia-section-default avia-no-shadow  avia-builder-el-3  el_after_av_textblock  el_before_av_section  avia-bg-style-scroll container_wrap fullsize'  ><div class='container av-section-cont-open' ><div class='template-page content  av-content-full alpha units'><div class='post-entry post-entry-type-page post-entry-4515'><div class='entry-content-wrapper clearfix'>\n\n<style type=\"text\/css\" data-created_by=\"avia_inline_auto\" id=\"style-css-av-av_one_third-15d750bd1b332b34c6e70b077ebbccdf\">\n.flex_column.av-av_one_third-15d750bd1b332b34c6e70b077ebbccdf{\nborder-radius:0px 0px 0px 0px;\npadding:0px 0px 0px 0px;\n}\n<\/style>\n<div  class='flex_column av-av_one_third-15d750bd1b332b34c6e70b077ebbccdf av_one_third  avia-builder-el-4  el_before_av_one_third  avia-builder-el-first  first flex_column_div av-zero-column-padding  '     ><p>\n<style type=\"text\/css\" data-created_by=\"avia_inline_auto\" id=\"style-css-av-av_image-8497a60d49621216b44a21437f2b2c85\">\n.avia-image-container.av-av_image-8497a60d49621216b44a21437f2b2c85 img.avia_image{\nbox-shadow:none;\n}\n.avia-image-container.av-av_image-8497a60d49621216b44a21437f2b2c85 .av-image-caption-overlay-center{\ncolor:#ffffff;\n}\n<\/style>\n<div  class='avia-image-container av-av_image-8497a60d49621216b44a21437f2b2c85 av-styling- av-hover-grow avia-align-center  avia-builder-el-5  el_before_av_textblock  avia-builder-el-first '   itemprop=\"image\" itemscope=\"itemscope\" itemtype=\"https:\/\/schema.org\/ImageObject\" ><div class=\"avia-image-container-inner\"><div class=\"avia-image-overlay-wrap\"><img decoding=\"async\" fetchpriority=\"high\" class='wp-image-4223 avia-img-lazy-loading-not-4223 avia_image ' src=\"https:\/\/www.belmontevacanze.com\/wp-content\/uploads\/2019\/12\/ebike-amot-300x225.jpg\" alt='' title='ebike amot'  height=\"225\" width=\"300\"  itemprop=\"thumbnailUrl\" srcset=\"https:\/\/www.belmontevacanze.com\/wp-content\/uploads\/2019\/12\/ebike-amot-300x225.jpg 300w, https:\/\/www.belmontevacanze.com\/wp-content\/uploads\/2019\/12\/ebike-amot-768x576.jpg 768w, https:\/\/www.belmontevacanze.com\/wp-content\/uploads\/2019\/12\/ebike-amot-1030x773.jpg 1030w, https:\/\/www.belmontevacanze.com\/wp-content\/uploads\/2019\/12\/ebike-amot-1500x1125.jpg 1500w, https:\/\/www.belmontevacanze.com\/wp-content\/uploads\/2019\/12\/ebike-amot-705x529.jpg 705w, https:\/\/www.belmontevacanze.com\/wp-content\/uploads\/2019\/12\/ebike-amot-450x338.jpg 450w, https:\/\/www.belmontevacanze.com\/wp-content\/uploads\/2019\/12\/ebike-amot.jpg 1600w\" sizes=\"(max-width: 300px) 100vw, 300px\" \/><\/div><\/div><\/div><br \/>\n<section  class='av_textblock_section av-av_textblock-2de302bf1aa3cf4c9157dbe6f50ac7eb '   itemscope=\"itemscope\" itemtype=\"https:\/\/schema.org\/CreativeWork\" ><div class='avia_textblock'  itemprop=\"text\" ><h3 style=\"text-align: center;\"><strong>D\u00c9COUVREZ MONTAIONE EN E-BIKE<\/strong><\/h3>\n<p style=\"text-align: center;\">Une <strong>excursion en VTT \u00e9lectrique de 30 km<\/strong> pour d\u00e9couvrir la beaut\u00e9 du territoire de Montaione, en compagnie d&rsquo;un <strong>guide environnemental<\/strong>: des \u00abbadlands\u00bb suggestives, des chemins de terre avec <strong>des mont\u00e9es et des descentes<\/strong>, un ancien village et un <strong>imposant ch\u00e2teau<\/strong>, une atmosph\u00e8re mystique &#8230; et bien plus encore sur cette tourn\u00e9e.<\/p>\n<h5 style=\"text-align: center;\">Jour pr\u00e9vu: jeudi<br \/>\nConfirmation avant: mardi \u00e0 17h00<br \/>\nPrix: 23 Euro p.p. (location de v\u00e9lo non incluse)<\/h5>\n<\/div><\/section><br \/>\n<div  class='avia-button-wrap av-av_button-10e4ff4e5b310470a1329e34e0018e14-wrap avia-button-center  avia-builder-el-7  el_after_av_textblock  avia-builder-el-last '><a href='https:\/\/www.belmontevacanze.com\/fr\/decouvrez-montaione-ebike\/'  class='avia-button av-av_button-10e4ff4e5b310470a1329e34e0018e14 av-link-btn avia-icon_select-yes-left-icon avia-size-small avia-position-center avia-color-theme-color'   aria-label=\"D\u00e9couvrez le programme complet\"><span class='avia_button_icon avia_button_icon_left' aria-hidden='true' data-av_icon='\ue81f' data-av_iconfont='entypo-fontello'><\/span><span class='avia_iconbox_title' >D\u00e9couvrez le programme complet<\/span><\/a><\/div><\/p><\/div>\n<style type=\"text\/css\" data-created_by=\"avia_inline_auto\" id=\"style-css-av-av_one_third-c8fc129dc35fd1ae2a1e410224d39ea8\">\n.flex_column.av-av_one_third-c8fc129dc35fd1ae2a1e410224d39ea8{\nborder-radius:0px 0px 0px 0px;\npadding:0px 0px 0px 0px;\n}\n<\/style>\n<div  class='flex_column av-av_one_third-c8fc129dc35fd1ae2a1e410224d39ea8 av_one_third  avia-builder-el-8  el_after_av_one_third  el_before_av_one_third  flex_column_div av-zero-column-padding  '     ><p>\n<style type=\"text\/css\" data-created_by=\"avia_inline_auto\" id=\"style-css-av-av_image-7d976a6469298b4bfa9e50a2af5cbfb9\">\n.avia-image-container.av-av_image-7d976a6469298b4bfa9e50a2af5cbfb9 img.avia_image{\nbox-shadow:none;\n}\n.avia-image-container.av-av_image-7d976a6469298b4bfa9e50a2af5cbfb9 .av-image-caption-overlay-center{\ncolor:#ffffff;\n}\n<\/style>\n<div  class='avia-image-container av-av_image-7d976a6469298b4bfa9e50a2af5cbfb9 av-styling- av-hover-grow avia-align-center  avia-builder-el-9  el_before_av_textblock  avia-builder-el-first '   itemprop=\"image\" itemscope=\"itemscope\" itemtype=\"https:\/\/schema.org\/ImageObject\" ><div class=\"avia-image-container-inner\"><div class=\"avia-image-overlay-wrap\"><img decoding=\"async\" fetchpriority=\"high\" class='wp-image-4224 avia-img-lazy-loading-not-4224 avia_image ' src=\"https:\/\/www.belmontevacanze.com\/wp-content\/uploads\/2019\/12\/hiking-egola-amot-e1576086420895-300x225.png\" alt='' title='hiking egola amot'  height=\"225\" width=\"300\"  itemprop=\"thumbnailUrl\" srcset=\"https:\/\/www.belmontevacanze.com\/wp-content\/uploads\/2019\/12\/hiking-egola-amot-e1576086420895-300x225.png 300w, https:\/\/www.belmontevacanze.com\/wp-content\/uploads\/2019\/12\/hiking-egola-amot-e1576086420895-768x575.png 768w, https:\/\/www.belmontevacanze.com\/wp-content\/uploads\/2019\/12\/hiking-egola-amot-e1576086420895-705x528.png 705w, https:\/\/www.belmontevacanze.com\/wp-content\/uploads\/2019\/12\/hiking-egola-amot-e1576086420895-450x337.png 450w, https:\/\/www.belmontevacanze.com\/wp-content\/uploads\/2019\/12\/hiking-egola-amot-e1576086420895.png 914w\" sizes=\"(max-width: 300px) 100vw, 300px\" \/><\/div><\/div><\/div><br \/>\n<section  class='av_textblock_section av-av_textblock-2de302bf1aa3cf4c9157dbe6f50ac7eb '   itemscope=\"itemscope\" itemtype=\"https:\/\/schema.org\/CreativeWork\" ><div class='avia_textblock'  itemprop=\"text\" ><h3 style=\"text-align: center;\">EXCURSION LE LONG DE LA RIVI\u00c8RE EGOLA<\/h3>\n<p style=\"text-align: center;\">Vous rencontrerez Daniela, notre guide, \u00e0 Montaione et, de l\u00e0, vous marcherez pendant <strong>environ 9 km<\/strong> le long de la rivi\u00e8re Egola. Vous traverserez les <strong>champs d&rsquo;oliviers<\/strong> et continuerez le long de la rivi\u00e8re en la traversant et en profitant de la nature environnante. Ensuite, vous serez guid\u00e9 vers le <strong>site arch\u00e9ologique<\/strong> de l&rsquo;ancienne citerne romaine pour profiter de <strong>la meilleure vue de Montaione<\/strong>, que vous atteindrez en passant par des vignobles et des sentiers entour\u00e9s de ch\u00eanes.<\/p>\n<h5 style=\"text-align: center;\">Jour pr\u00e9vu: mardi<br \/>\nConfirmer avant: lundi \u00e0 10h00<br \/>\nPrix: 13 Euro p.p.<\/h5>\n<\/div><\/section><br \/>\n<div  class='avia-button-wrap av-av_button-d305141316a33383753197be515bb517-wrap avia-button-center  avia-builder-el-11  el_after_av_textblock  avia-builder-el-last '><a href='https:\/\/www.belmontevacanze.com\/fr\/excursion-riviere-egola\/'  class='avia-button av-av_button-d305141316a33383753197be515bb517 av-link-btn avia-icon_select-yes-left-icon avia-size-small avia-position-center avia-color-theme-color'   aria-label=\"D\u00e9couvrez le programme complet\"><span class='avia_button_icon avia_button_icon_left' aria-hidden='true' data-av_icon='\ue81f' data-av_iconfont='entypo-fontello'><\/span><span class='avia_iconbox_title' >D\u00e9couvrez le programme complet<\/span><\/a><\/div><\/p><\/div>\n<style type=\"text\/css\" data-created_by=\"avia_inline_auto\" id=\"style-css-av-av_one_third-c8fc129dc35fd1ae2a1e410224d39ea8\">\n.flex_column.av-av_one_third-c8fc129dc35fd1ae2a1e410224d39ea8{\nborder-radius:0px 0px 0px 0px;\npadding:0px 0px 0px 0px;\n}\n<\/style>\n<div  class='flex_column av-av_one_third-c8fc129dc35fd1ae2a1e410224d39ea8 av_one_third  avia-builder-el-12  el_after_av_one_third  el_before_av_hr  flex_column_div av-zero-column-padding  '     ><p>\n<style type=\"text\/css\" data-created_by=\"avia_inline_auto\" id=\"style-css-av-av_image-b28ad81e9cf2b6537dd7e6ba3a7ef919\">\n.avia-image-container.av-av_image-b28ad81e9cf2b6537dd7e6ba3a7ef919 img.avia_image{\nbox-shadow:none;\n}\n.avia-image-container.av-av_image-b28ad81e9cf2b6537dd7e6ba3a7ef919 .av-image-caption-overlay-center{\ncolor:#ffffff;\n}\n<\/style>\n<div  class='avia-image-container av-av_image-b28ad81e9cf2b6537dd7e6ba3a7ef919 av-styling- av-hover-grow avia-align-center  avia-builder-el-13  el_before_av_textblock  avia-builder-el-first '   itemprop=\"image\" itemscope=\"itemscope\" itemtype=\"https:\/\/schema.org\/ImageObject\" ><div class=\"avia-image-container-inner\"><div class=\"avia-image-overlay-wrap\"><img decoding=\"async\" fetchpriority=\"high\" class='wp-image-4225 avia-img-lazy-loading-not-4225 avia_image ' src=\"https:\/\/www.belmontevacanze.com\/wp-content\/uploads\/2019\/12\/Firenze-5-sensi-amot-e1576086575143-300x225.png\" alt='' title='Firenze 5 sensi amot'  height=\"225\" width=\"300\"  itemprop=\"thumbnailUrl\" srcset=\"https:\/\/www.belmontevacanze.com\/wp-content\/uploads\/2019\/12\/Firenze-5-sensi-amot-e1576086575143-300x225.png 300w, https:\/\/www.belmontevacanze.com\/wp-content\/uploads\/2019\/12\/Firenze-5-sensi-amot-e1576086575143-450x338.png 450w, https:\/\/www.belmontevacanze.com\/wp-content\/uploads\/2019\/12\/Firenze-5-sensi-amot-e1576086575143.png 640w\" sizes=\"(max-width: 300px) 100vw, 300px\" \/><\/div><\/div><\/div><br \/>\n<section  class='av_textblock_section av-av_textblock-2de302bf1aa3cf4c9157dbe6f50ac7eb '   itemscope=\"itemscope\" itemtype=\"https:\/\/schema.org\/CreativeWork\" ><div class='avia_textblock'  itemprop=\"text\" ><h3 style=\"text-align: center;\">FLORENCE<br \/>\nET LES 5 SENS<\/h3>\n<p style=\"text-align: center;\">\n<strong>Rejoignez Florence<\/strong> en train depuis Castelfiorentino et rencontrez le guide. Il vous accompagnera \u00e0 travers une <strong>promenade qui impliquera les 5 sens<\/strong>: vous entendrez <strong>les parfums<\/strong> de la \u00ab\u00a0Farmacia\u00a0\u00bb de Santa Maria Novella, vous entendrez <strong>le son des cloches<\/strong>, vous rencontrerez les artisans et vous <strong>toucherez l&rsquo;artisanat<\/strong>, vous <strong>regarderez les b\u00e2timents<\/strong> d&rsquo;une mani\u00e8re diff\u00e9rente et vous d\u00e9gusterez <strong>la meilleure glace italienne<\/strong>.<\/p>\n<h5 style=\"text-align: center;\">Jour pr\u00e9vu: vendredi<br \/>\nConfirmer avant: mardi \u00e0 17h00<br \/>\nPrix: 25 Euro p.p.<\/h5>\n<\/div><\/section><br \/>\n<div  class='avia-button-wrap av-av_button-3bb0de48cae99961fdf73c369ca6638c-wrap avia-button-center  avia-builder-el-15  el_after_av_textblock  avia-builder-el-last '><a href='https:\/\/www.belmontevacanze.com\/fr\/florence-et-les-5-sens\/'  class='avia-button av-av_button-3bb0de48cae99961fdf73c369ca6638c av-link-btn avia-icon_select-yes-left-icon avia-size-small avia-position-center avia-color-theme-color'   aria-label=\"D\u00e9couvrez le programme complet\"><span class='avia_button_icon avia_button_icon_left' aria-hidden='true' data-av_icon='\ue81f' data-av_iconfont='entypo-fontello'><\/span><span class='avia_iconbox_title' >D\u00e9couvrez le programme complet<\/span><\/a><\/div><\/p><\/div><div  class='hr av-av_hr-0ff602b3e980a3377077ff3c1c834df6 hr-default  avia-builder-el-16  el_after_av_one_third  el_before_av_one_half '><span class='hr-inner '><span class=\"hr-inner-style\"><\/span><\/span><\/div>\n\n<style type=\"text\/css\" data-created_by=\"avia_inline_auto\" id=\"style-css-av-av_one_half-15d750bd1b332b34c6e70b077ebbccdf\">\n.flex_column.av-av_one_half-15d750bd1b332b34c6e70b077ebbccdf{\nborder-radius:0px 0px 0px 0px;\npadding:0px 0px 0px 0px;\n}\n<\/style>\n<div  class='flex_column av-av_one_half-15d750bd1b332b34c6e70b077ebbccdf av_one_half  avia-builder-el-17  el_after_av_hr  el_before_av_one_half  first flex_column_div av-zero-column-padding  '     ><p>\n<style type=\"text\/css\" data-created_by=\"avia_inline_auto\" id=\"style-css-av-av_image-523eae5d48134f937cbe0dd1454d6e51\">\n.avia-image-container.av-av_image-523eae5d48134f937cbe0dd1454d6e51 img.avia_image{\nbox-shadow:none;\n}\n.avia-image-container.av-av_image-523eae5d48134f937cbe0dd1454d6e51 .av-image-caption-overlay-center{\ncolor:#ffffff;\n}\n<\/style>\n<div  class='avia-image-container av-av_image-523eae5d48134f937cbe0dd1454d6e51 av-styling- av-hover-grow avia-align-center  avia-builder-el-18  el_before_av_textblock  avia-builder-el-first '   itemprop=\"image\" itemscope=\"itemscope\" itemtype=\"https:\/\/schema.org\/ImageObject\" ><div class=\"avia-image-container-inner\"><div class=\"avia-image-overlay-wrap\"><img decoding=\"async\" fetchpriority=\"high\" class='wp-image-4245 avia-img-lazy-loading-not-4245 avia_image ' src=\"https:\/\/www.belmontevacanze.com\/wp-content\/uploads\/2019\/12\/truffle-hunting1-e1576148767577-300x224.jpg\" alt='' title='truffle hunting1'  height=\"224\" width=\"300\"  itemprop=\"thumbnailUrl\" srcset=\"https:\/\/www.belmontevacanze.com\/wp-content\/uploads\/2019\/12\/truffle-hunting1-e1576148767577-300x224.jpg 300w, https:\/\/www.belmontevacanze.com\/wp-content\/uploads\/2019\/12\/truffle-hunting1-e1576148767577-450x337.jpg 450w, https:\/\/www.belmontevacanze.com\/wp-content\/uploads\/2019\/12\/truffle-hunting1-e1576148767577.jpg 572w\" sizes=\"(max-width: 300px) 100vw, 300px\" \/><\/div><\/div><\/div><br \/>\n<section  class='av_textblock_section av-av_textblock-2de302bf1aa3cf4c9157dbe6f50ac7eb '   itemscope=\"itemscope\" itemtype=\"https:\/\/schema.org\/CreativeWork\" ><div class='avia_textblock'  itemprop=\"text\" ><h3 style=\"text-align: center;\">CHASSE \u00c0 LA TRUFFE<\/h3>\n<p style=\"text-align: center;\">Une <strong>exp\u00e9rience unique<\/strong> de chasse \u00e0 la truffe, dans la splendide campagne toscane, <strong>accompagn\u00e9 d&rsquo;un expert et de ses chiens<\/strong> dress\u00e9s \u00e0 la recherche du pr\u00e9cieux tubercule. L&rsquo;exp\u00e9rience se terminera par un <strong>d\u00e9jeuner inoubliable<\/strong> au restaurant Casa Masi, et la <strong>truffe<\/strong> sera \u00e9videmment l&rsquo;<strong>ingr\u00e9dient principal<\/strong>.<\/p>\n<h5 style=\"text-align: center;\">Jour pr\u00e9vu: mercredi<br \/>\nConfirmer avant: lundi \u00e0 18h00<br \/>\nPrix: 85,00 Euro p.p<\/h5>\n<\/div><\/section><br \/>\n<div  class='avia-button-wrap av-av_button-0f6de015cc80b489cac0d42e45b202e7-wrap avia-button-center  avia-builder-el-20  el_after_av_textblock  avia-builder-el-last '><a href='https:\/\/www.belmontevacanze.com\/fr\/chasse-a-la-truffe\/'  class='avia-button av-av_button-0f6de015cc80b489cac0d42e45b202e7 av-link-btn avia-icon_select-yes-left-icon avia-size-small avia-position-center avia-color-theme-color'   aria-label=\"D\u00e9couvrez le programme complet\"><span class='avia_button_icon avia_button_icon_left' aria-hidden='true' data-av_icon='\ue81f' data-av_iconfont='entypo-fontello'><\/span><span class='avia_iconbox_title' >D\u00e9couvrez le programme complet<\/span><\/a><\/div><\/p><\/div>\n<style type=\"text\/css\" data-created_by=\"avia_inline_auto\" id=\"style-css-av-av_one_half-c8fc129dc35fd1ae2a1e410224d39ea8\">\n.flex_column.av-av_one_half-c8fc129dc35fd1ae2a1e410224d39ea8{\nborder-radius:0px 0px 0px 0px;\npadding:0px 0px 0px 0px;\n}\n<\/style>\n<div  class='flex_column av-av_one_half-c8fc129dc35fd1ae2a1e410224d39ea8 av_one_half  avia-builder-el-21  el_after_av_one_half  avia-builder-el-last  flex_column_div av-zero-column-padding  '     ><p>\n<style type=\"text\/css\" data-created_by=\"avia_inline_auto\" id=\"style-css-av-av_image-b5f21aee1b9078e115ce31b067e2eb5d\">\n.avia-image-container.av-av_image-b5f21aee1b9078e115ce31b067e2eb5d img.avia_image{\nbox-shadow:none;\n}\n.avia-image-container.av-av_image-b5f21aee1b9078e115ce31b067e2eb5d .av-image-caption-overlay-center{\ncolor:#ffffff;\n}\n<\/style>\n<div  class='avia-image-container av-av_image-b5f21aee1b9078e115ce31b067e2eb5d av-styling- av-hover-grow avia-align-center  avia-builder-el-22  el_before_av_textblock  avia-builder-el-first '   itemprop=\"image\" itemscope=\"itemscope\" itemtype=\"https:\/\/schema.org\/ImageObject\" ><div class=\"avia-image-container-inner\"><div class=\"avia-image-overlay-wrap\"><img decoding=\"async\" fetchpriority=\"high\" class='wp-image-5270 avia-img-lazy-loading-not-5270 avia_image ' src=\"https:\/\/www.belmontevacanze.com\/wp-content\/uploads\/2020\/03\/ingredienti-cucina-mediterranea-3-e1585129806453-300x224.jpg\" alt='' title='ingredienti cucina mediterranea'  height=\"224\" width=\"300\"  itemprop=\"thumbnailUrl\" srcset=\"https:\/\/www.belmontevacanze.com\/wp-content\/uploads\/2020\/03\/ingredienti-cucina-mediterranea-3-e1585129806453-300x224.jpg 300w, https:\/\/www.belmontevacanze.com\/wp-content\/uploads\/2020\/03\/ingredienti-cucina-mediterranea-3-e1585129806453-450x337.jpg 450w, https:\/\/www.belmontevacanze.com\/wp-content\/uploads\/2020\/03\/ingredienti-cucina-mediterranea-3-e1585129806453.jpg 667w\" sizes=\"(max-width: 300px) 100vw, 300px\" \/><\/div><\/div><\/div><br \/>\n<section  class='av_textblock_section av-av_textblock-2de302bf1aa3cf4c9157dbe6f50ac7eb '   itemscope=\"itemscope\" itemtype=\"https:\/\/schema.org\/CreativeWork\" ><div class='avia_textblock'  itemprop=\"text\" ><h3 style=\"text-align: center;\">COURS DE CUISINE<\/h3>\n<p style=\"text-align: center;\"><strong>L&rsquo;essence de la tradition toscane<\/strong> se trouve dans la cuisine. Vous apprendrez \u00e0 cuisiner des \u00ab\u00a0<strong>recettes de grand-m\u00e8re<\/strong>\u00a0\u00bb simples et d\u00e9licieuses. Vous d\u00e9couvrirez les techniques mais aussi les <strong>curiosit\u00e9s<\/strong> qui se cachent derri\u00e8re les plats que vous pr\u00e9parerez. Et au final un bon d\u00e9jeuner accompagn\u00e9 d&rsquo;une <strong>s\u00e9lection de vins locaux<\/strong>.<\/p>\n<h5 style=\"text-align: center;\">Jour pr\u00e9vu: jeudi<br \/>\nConfirmer avant: mardi \u00e0 12h00<br \/>\nPrix: 120,00 Euro p.p<\/h5>\n<\/div><\/section><br \/>\n<div  class='avia-button-wrap av-av_button-2df62baa629a37b70e946238633552da-wrap avia-button-center  avia-builder-el-24  el_after_av_textblock  avia-builder-el-last '><a href='https:\/\/www.belmontevacanze.com\/fr\/cours-de-cuisine\/'  class='avia-button av-av_button-2df62baa629a37b70e946238633552da av-link-btn avia-icon_select-yes-left-icon avia-size-small avia-position-center avia-color-theme-color'   aria-label=\"D\u00e9couvrez le programme complet\"><span class='avia_button_icon avia_button_icon_left' aria-hidden='true' data-av_icon='\ue81f' data-av_iconfont='entypo-fontello'><\/span><span class='avia_iconbox_title' >D\u00e9couvrez le programme complet<\/span><\/a><\/div><\/p><\/div>\n\n<\/div><\/div><\/div><!-- close content main div --><\/div><\/div>\n<style type=\"text\/css\" data-created_by=\"avia_inline_auto\" id=\"style-css-av-av_section-fd6d31b9e6c1051067bf4e29e5bfbcbb\">\n.avia-section.av-av_section-fd6d31b9e6c1051067bf4e29e5bfbcbb{\nbackground-repeat:no-repeat;\nbackground-image:url(https:\/\/www.belmontevacanze.com\/wp-content\/uploads\/2020\/03\/bg-email.png);\nbackground-position:100% 50%;\nbackground-attachment:scroll;\n}\n<\/style>\n<div id='av_section_3'  class='avia-section av-av_section-fd6d31b9e6c1051067bf4e29e5bfbcbb socket_color avia-section-large avia-no-shadow  avia-builder-el-25  el_after_av_section  avia-builder-el-last  avia-full-contain avia-bg-style-scroll container_wrap fullsize'  data-section-bg-repeat='contain'><div class='container av-section-cont-open' ><div class='template-page content  av-content-full alpha units'><div class='post-entry post-entry-type-page post-entry-4515'><div class='entry-content-wrapper clearfix'>\n\n<style type=\"text\/css\" data-created_by=\"avia_inline_auto\" id=\"style-css-av-av_one_fifth-15d750bd1b332b34c6e70b077ebbccdf\">\n.flex_column.av-av_one_fifth-15d750bd1b332b34c6e70b077ebbccdf{\nborder-radius:0px 0px 0px 0px;\npadding:0px 0px 0px 0px;\n}\n<\/style>\n<div  class='flex_column av-av_one_fifth-15d750bd1b332b34c6e70b077ebbccdf av_one_fifth  avia-builder-el-26  el_before_av_three_fifth  avia-builder-el-first  first flex_column_div av-zero-column-padding  '     ><\/div>\n<style type=\"text\/css\" data-created_by=\"avia_inline_auto\" id=\"style-css-av-av_three_fifth-c8fc129dc35fd1ae2a1e410224d39ea8\">\n.flex_column.av-av_three_fifth-c8fc129dc35fd1ae2a1e410224d39ea8{\nborder-radius:0px 0px 0px 0px;\npadding:0px 0px 0px 0px;\n}\n<\/style>\n<div  class='flex_column av-av_three_fifth-c8fc129dc35fd1ae2a1e410224d39ea8 av_three_fifth  avia-builder-el-27  el_after_av_one_fifth  el_before_av_one_fifth  flex_column_div av-zero-column-padding  '     ><style type=\"text\/css\" data-created_by=\"avia_inline_auto\" id=\"style-css-av-av_textblock-dd2387397296c1a314b0b5f4a3f918a3\">\n#top .av_textblock_section.av-av_textblock-dd2387397296c1a314b0b5f4a3f918a3 .avia_textblock{\ncolor:#ffffff;\n}\n<\/style>\n<section  class='av_textblock_section av-av_textblock-dd2387397296c1a314b0b5f4a3f918a3 '   itemscope=\"itemscope\" itemtype=\"https:\/\/schema.org\/CreativeWork\" ><div class='avia_textblock av_inherit_color'  itemprop=\"text\" ><h3 style=\"text-align: center;\"><span style=\"color: #f8be00;\">Inscrivez-vous &agrave; notre newsletter<\/span><\/h3>\n<p style=\"text-align: center;\"><strong>Vous ne voulez pas r&eacute;server maintenant?<u><br \/>\n<\/u><\/strong>Entrez votre adresse e-mail et recevez imm&eacute;diatement une <strong>offre sp&eacute;ciale <\/strong>pour votre prochain s&eacute;jour.<\/p>\n<p style=\"text-align: center;\"><strong><u>Uniquement pour les 10 premiers nouveaux membres!<\/u><\/strong><\/p>\n<p style=\"text-align: center;\">&nbsp;<\/p>\n<\/div><\/section><br \/>\n<\/p><\/div>\n<style type=\"text\/css\" data-created_by=\"avia_inline_auto\" id=\"style-css-av-av_one_fifth-c8fc129dc35fd1ae2a1e410224d39ea8\">\n.flex_column.av-av_one_fifth-c8fc129dc35fd1ae2a1e410224d39ea8{\nborder-radius:0px 0px 0px 0px;\npadding:0px 0px 0px 0px;\n}\n<\/style>\n<div  class='flex_column av-av_one_fifth-c8fc129dc35fd1ae2a1e410224d39ea8 av_one_fifth  avia-builder-el-30  el_after_av_three_fifth  avia-builder-el-last  flex_column_div av-zero-column-padding  '     ><\/div>\n","protected":false},"excerpt":{"rendered":"","protected":false},"author":3,"featured_media":0,"parent":0,"menu_order":0,"comment_status":"closed","ping_status":"closed","template":"","meta":{"footnotes":""},"class_list":["post-4515","page","type-page","status-publish","hentry"],"_links":{"self":[{"href":"https:\/\/www.belmontevacanze.com\/fr\/wp-json\/wp\/v2\/pages\/4515","targetHints":{"allow":["GET"]}}],"collection":[{"href":"https:\/\/www.belmontevacanze.com\/fr\/wp-json\/wp\/v2\/pages"}],"about":[{"href":"https:\/\/www.belmontevacanze.com\/fr\/wp-json\/wp\/v2\/types\/page"}],"author":[{"embeddable":true,"href":"https:\/\/www.belmontevacanze.com\/fr\/wp-json\/wp\/v2\/users\/3"}],"replies":[{"embeddable":true,"href":"https:\/\/www.belmontevacanze.com\/fr\/wp-json\/wp\/v2\/comments?post=4515"}],"version-history":[{"count":15,"href":"https:\/\/www.belmontevacanze.com\/fr\/wp-json\/wp\/v2\/pages\/4515\/revisions"}],"predecessor-version":[{"id":5600,"href":"https:\/\/www.belmontevacanze.com\/fr\/wp-json\/wp\/v2\/pages\/4515\/revisions\/5600"}],"wp:attachment":[{"href":"https:\/\/www.belmontevacanze.com\/fr\/wp-json\/wp\/v2\/media?parent=4515"}],"curies":[{"name":"wp","href":"https:\/\/api.w.org\/{rel}","templated":true}]}}